{"id":25875342,"date":"2025-06-10T20:51:55","date_gmt":"2025-06-10T18:51:55","guid":{"rendered":"https:\/\/neurodiversityprideday.com\/es"},"modified":"2025-06-10T20:51:55","modified_gmt":"2025-06-10T18:51:55","slug":"audiovisuales-de-escuelas-y-universidades","status":"publish","type":"tribe_events","link":"https:\/\/neurodiversityprideday.com\/fi\/my-event\/audiovisuales-de-escuelas-y-universidades\/","title":{"rendered":"AUDIOVISUAALISET AINEISTOT KOULUISSA JA YLIOPISTOISSA"},"content":{"rendered":"<p data-sourcepos=\"3:1-3:13\">Hola a todos:<\/p>\n<p data-sourcepos=\"5:1-5:295\">\u00a1Este a\u00f1o es hist\u00f3rico! Ensimm\u00e4ist\u00e4 kertaa espanjankieliset maat yhdist\u00e4v\u00e4t meid\u00e4t juhlaan, jossa vietet\u00e4\u00e4n juhlia\u00a0<strong>D\u00eda del Orgullo de la Neurodiversidad (Neurodiversiteetin juhla)<\/strong>. Se on kunnia kaikille, jotka osallistuvat t\u00e4h\u00e4n aloitteeseen, jossa vertailemme kansainv\u00e4lisi\u00e4 keskusteluja, keskusteluja, musiikkia, elokuvia ja muita aktiviteetteja.<\/p>\n<p data-sourcepos=\"5:1-5:295\">Estamos inmensamente agradecidos a eMove International Festival por darnos la incre\u00edble oportunidad de exhibir una selecci\u00f3n de los trabajos galardonados in sus primeras nueve ediciones. N\u00e4yttely sis\u00e4lt\u00e4\u00e4 audiovisuaalisia teoksia, jotka ovat eri koulujen ja yliopistojen opiskelijoiden tekemi\u00e4.<\/p>\n<p data-sourcepos=\"5:1-5:295\">N\u00e4iden julkaisujen avulla tavoitteenamme on v\u00e4litt\u00e4\u00e4 kaikille ihmisille perustavanlaatuinen viesti: kaikki ovat osa neurodiversiteetti\u00e4. Haluamme juhlistaa maailmassamme esiintyv\u00e4\u00e4 monimuotoisuutta ja moninaisuutta.<\/p>\n<p data-sourcepos=\"5:1-5:295\">Con estos videos os damos la bienvenida a ND Pride, una celebraci\u00f3n organizada por y para personas neurodivergentes y sus aliados. Todo el mundo, independientemente de su neurotipo, est\u00e1 invitado a unirse para reconocer y honrar la neurodiversidad. Juhlimme neurodivergenttien aivojen ainutlaatuisuutta ja neurodiversiteetin arvoa yhteiskunnalle. La neurodiversidad se refere a las formas casi infinitas en que los cerebros funcionan, perciben y entienden el mundo. Reconoce y valora los puntos fuertes y las capacidades que surgen de los distintos neurotipos, como el autismo, el TDAH, la dislexia, el TDC, la superdotaci\u00f3n, los trastornos mentales y other. Meid\u00e4n juhlamme perustuu my\u00f6s siihen, ett\u00e4 tarjoamme tukea ja mukautuksia neurodivergenteille henkil\u00f6ille, jotta he voivat menesty\u00e4 yhteiskunnassa, joka on suunniteltu heid\u00e4n enemmist\u00f6ns\u00e4 tarpeisiin.<\/p>\n<p data-sourcepos=\"5:1-5:295\">Voit n\u00e4hd\u00e4 9 audiovisuaalista elokuvaa, jotka on esitelty festivaalin viimeisimmiss\u00e4 esityksiss\u00e4. Estamos seguros de que os va a sorprender.<\/p>\n<p data-sourcepos=\"5:1-5:295\">Este es el enlace paera poder ver: https:\/\/www.youtube.com\/watch?v=xgANYKxhYx4&amp;t=54s<\/p>\n<p data-sourcepos=\"7:1-8:58\">Le invitamos a consultar el\u00a0<strong>programa completo<\/strong>\u00a0ja osallistu tapahtumiin t\u00e4m\u00e4n linkin kautta:\u00a0<a class=\"ng-star-inserted\" href=\"https:\/\/acortar.link\/mpJmBn\" target=\"_blank\" rel=\"noopener\">https:\/\/acortar.link\/mpJmBn<\/a><\/p>\n<p data-sourcepos=\"10:1-11:74\">Adem\u00e1s, nos encantar\u00eda contar con tu\u00a0<strong>opini\u00f3n<\/strong>\u00a0para elaborar un manifiesto que celebre la neurodiversidad. Seuraavassa lomakkeessa voit j\u00e4tt\u00e4\u00e4 kommenttisi ja rekister\u00f6ity\u00e4, jotta p\u00e4\u00e4set suoraan tapahtumien Zoom-saliin:\u00a0<a class=\"ng-star-inserted\" href=\"https:\/\/forms.gle\/r3F4Y2ysScKxvmdj9\" target=\"_blank\" rel=\"noopener\">https:\/\/forms.gle\/r3F4Y2ysScKxvmdj9<\/a><\/p>\n<p data-sourcepos=\"13:1-13:22\">\u00a1Esperamos verte all\u00ed!<\/p>","protected":false},"excerpt":{"rendered":"<p>Hola a todos: \u00a1Este a\u00f1o es hist\u00f3rico! Por primera vez, los pa\u00edses hispanohablantes nos unimos a la celebraci\u00f3n del\u00a0D\u00eda del Orgullo de la Neurodiversidad. Es un honor para todos los [&hellip;]<\/p>\n","protected":false},"author":61,"featured_media":25875355,"template":"","meta":{"_acf_changed":false,"_et_pb_use_builder":"","_et_pb_old_content":"","_et_gb_content_width":"","_tribe_events_status":"","_tribe_events_status_reason":"","footnotes":""},"tags":[],"tribe_events_cat":[],"class_list":["post-25875342","tribe_events","type-tribe_events","status-publish","has-post-thumbnail","hentry"],"acf":[],"_links":{"self":[{"href":"https:\/\/neurodiversityprideday.com\/fi\/wp-json\/wp\/v2\/tribe_events\/25875342","targetHints":{"allow":["GET"]}}],"collection":[{"href":"https:\/\/neurodiversityprideday.com\/fi\/wp-json\/wp\/v2\/tribe_events"}],"about":[{"href":"https:\/\/neurodiversityprideday.com\/fi\/wp-json\/wp\/v2\/types\/tribe_events"}],"author":[{"embeddable":true,"href":"https:\/\/neurodiversityprideday.com\/fi\/wp-json\/wp\/v2\/users\/61"}],"version-history":[{"count":1,"href":"https:\/\/neurodiversityprideday.com\/fi\/wp-json\/wp\/v2\/tribe_events\/25875342\/revisions"}],"predecessor-version":[{"id":25875352,"href":"https:\/\/neurodiversityprideday.com\/fi\/wp-json\/wp\/v2\/tribe_events\/25875342\/revisions\/25875352"}],"wp:featuredmedia":[{"embeddable":true,"href":"https:\/\/neurodiversityprideday.com\/fi\/wp-json\/wp\/v2\/media\/25875355"}],"wp:attachment":[{"href":"https:\/\/neurodiversityprideday.com\/fi\/wp-json\/wp\/v2\/media?parent=25875342"}],"wp:term":[{"taxonomy":"post_tag","embeddable":true,"href":"https:\/\/neurodiversityprideday.com\/fi\/wp-json\/wp\/v2\/tags?post=25875342"},{"taxonomy":"tribe_events_cat","embeddable":true,"href":"https:\/\/neurodiversityprideday.com\/fi\/wp-json\/wp\/v2\/tribe_events_cat?post=25875342"}],"curies":[{"name":"wp","href":"https:\/\/api.w.org\/{rel}","templated":true}]}}