{"id":25872883,"date":"2025-05-28T23:07:09","date_gmt":"2025-05-28T21:07:09","guid":{"rendered":"https:\/\/neurodiversityprideday.com\/nl"},"modified":"2025-05-28T23:07:09","modified_gmt":"2025-05-28T21:07:09","slug":"uitreiking-uit-met-autisme-award-categorie-speelpark-of-klein-attractiepark","status":"publish","type":"tribe_events","link":"https:\/\/neurodiversityprideday.com\/fr\/my-event\/uitreiking-uit-met-autisme-award-categorie-speelpark-of-klein-attractiepark\/","title":{"rendered":"Uitreiking Uit met Autisme Award categorie Speelpark of klein attractiepark"},"content":{"rendered":"<p>Stichting Uit met Autisme lance en 2025 pour la premi\u00e8re fois les Uit met Autisme Awards. Les prix sont d\u00e9cern\u00e9s dans cinq cat\u00e9gories, \u00e0 un moment donn\u00e9 et \u00e0 un autre, dans les localit\u00e9s elles-m\u00eames. Les localit\u00e9s elles-m\u00eames ne sont m\u00eame pas en danger. Le 14 juin, ces lieux seront connus. Mais comme je suis de plus en plus schakeltijd, je peux changer cela en un... <a href=\"#Aanmeldformulier\"><u>opgaveformulier<\/u><\/a>\u00a0pour que, sous embargo jusqu'au 11 juin, vous sachiez quelles sont les localit\u00e9s qui ont re\u00e7u un prix et le plus important : o\u00f9 nous pouvons l'obtenir. Nous le reconnaissons aujourd'hui \u00e0 l'aide du cordon-cl\u00e9 Tournesol des handicaps cach\u00e9s.<\/p>\n<p>Cette s\u00e9ance de remise de prix du vendredi est pr\u00e9vue pour tout le monde !<\/p>","protected":false},"excerpt":{"rendered":"<p>Stichting Uit met Autisme reikt in 2025 voor het eerst de Uit met Autisme Awards uit. De awards worden uitgereikt over vijf categorie\u00ebn op elk een ander moment op de [&hellip;]<\/p>\n","protected":false},"author":1,"featured_media":25872886,"template":"","meta":{"_acf_changed":false,"_et_pb_use_builder":"","_et_pb_old_content":"","_et_gb_content_width":"","_tribe_events_status":"","_tribe_events_status_reason":"","footnotes":""},"tags":[],"tribe_events_cat":[],"class_list":["post-25872883","tribe_events","type-tribe_events","status-publish","has-post-thumbnail","hentry"],"acf":[],"_links":{"self":[{"href":"https:\/\/neurodiversityprideday.com\/fr\/wp-json\/wp\/v2\/tribe_events\/25872883","targetHints":{"allow":["GET"]}}],"collection":[{"href":"https:\/\/neurodiversityprideday.com\/fr\/wp-json\/wp\/v2\/tribe_events"}],"about":[{"href":"https:\/\/neurodiversityprideday.com\/fr\/wp-json\/wp\/v2\/types\/tribe_events"}],"author":[{"embeddable":true,"href":"https:\/\/neurodiversityprideday.com\/fr\/wp-json\/wp\/v2\/users\/1"}],"version-history":[{"count":1,"href":"https:\/\/neurodiversityprideday.com\/fr\/wp-json\/wp\/v2\/tribe_events\/25872883\/revisions"}],"predecessor-version":[{"id":25872885,"href":"https:\/\/neurodiversityprideday.com\/fr\/wp-json\/wp\/v2\/tribe_events\/25872883\/revisions\/25872885"}],"wp:featuredmedia":[{"embeddable":true,"href":"https:\/\/neurodiversityprideday.com\/fr\/wp-json\/wp\/v2\/media\/25872886"}],"wp:attachment":[{"href":"https:\/\/neurodiversityprideday.com\/fr\/wp-json\/wp\/v2\/media?parent=25872883"}],"wp:term":[{"taxonomy":"post_tag","embeddable":true,"href":"https:\/\/neurodiversityprideday.com\/fr\/wp-json\/wp\/v2\/tags?post=25872883"},{"taxonomy":"tribe_events_cat","embeddable":true,"href":"https:\/\/neurodiversityprideday.com\/fr\/wp-json\/wp\/v2\/tribe_events_cat?post=25872883"}],"curies":[{"name":"wp","href":"https:\/\/api.w.org\/{rel}","templated":true}]}}