{"id":25873741,"date":"2025-06-04T11:40:38","date_gmt":"2025-06-04T09:40:38","guid":{"rendered":"https:\/\/neurodiversityprideday.com\/?post_type=tribe_events&#038;p=25873741"},"modified":"2025-06-04T11:40:38","modified_gmt":"2025-06-04T09:40:38","slug":"marsha-de-heus-webinar-hoogbegaafdheid-dubbeldiagnoses-en-misdiagnoses-inzicht-herkenning-en-handelingsperspectief","status":"publish","type":"tribe_events","link":"https:\/\/neurodiversityprideday.com\/fr\/my-event\/marsha-de-heus-webinar-hoogbegaafdheid-dubbeldiagnoses-en-misdiagnoses-inzicht-herkenning-en-handelingsperspectief\/","title":{"rendered":"Marsha de Heus - Webinaire : La sant\u00e9 au travail : diagnostics erron\u00e9s et erreurs de diagnostic : vue d'ensemble, compr\u00e9hension et perspective d'action"},"content":{"rendered":"<p>\ud83d\udcc5 20 juni - 15:00 - 15:45<\/p>\n<h3>Sant\u00e9 publique : diagnostics et erreurs de diagnostic : vue d'ensemble, analyse et perspectives d'action<\/h3>\n<p>Il s'agit d'une aide plus importante pour la sant\u00e9 mentale, mais dans la pratique, nous savons qu'elle est tr\u00e8s importante pour les personnes atteintes d'autisme, de TDAH ou d'autres formes de maladie neurod\u00e9g\u00e9n\u00e9rative. Cela signifie qu'un autre type d'enfant doit \u00eatre pris en compte.<\/p>\n<p><strong>Psycholoog Marsha de Heus<\/strong>Cette \u00e9tude, qui s'appuie sur le mod\u00e8le social de la neurodiversit\u00e9, porte sur les erreurs de diagnostic les plus fr\u00e9quentes, l'impact des doubles diagnostics et la fa\u00e7on dont je peux me d\u00e9brouiller dans un syst\u00e8me qui n'est pas toujours efficace.<\/p>\n<p>Avec des conseils pratiques, des outils efficaces et une grande disponibilit\u00e9 pour vos besoins.<\/p>\n<ul>\n<li><strong>\ud83c\udf99 Spreker :<\/strong>\u00a0Marsha de Heus<\/li>\n<li><strong>\u23f1 Duur :<\/strong>\u00a045 minutes<\/li>\n<\/ul>\n<div id=\"gtx-trans\" style=\"position: absolute; left: 95px; top: 288.542px;\">\n<div class=\"gtx-trans-icon\"><\/div>\n<\/div>","protected":false},"excerpt":{"rendered":"<p>\ud83d\udcc5 20 juni \u2013 15:00 \u2013 15:45 Hoogbegaafdheid: dubbeldiagnoses en misdiagnoses: inzicht, herkenning en handelingsperspectief Er is steeds meer aandacht voor hoogbegaafdheid, maar in de praktijk zien we dat dit [&hellip;]<\/p>\n","protected":false},"author":1,"featured_media":25873724,"template":"","meta":{"_acf_changed":false,"_et_pb_use_builder":"","_et_pb_old_content":"","_et_gb_content_width":"","_tribe_events_status":"","_tribe_events_status_reason":"","footnotes":""},"tags":[],"tribe_events_cat":[67,69],"class_list":["post-25873741","tribe_events","type-tribe_events","status-publish","has-post-thumbnail","hentry","tribe_events_cat-online","tribe_events_cat-talks","cat_online","cat_talks"],"acf":[],"_links":{"self":[{"href":"https:\/\/neurodiversityprideday.com\/fr\/wp-json\/wp\/v2\/tribe_events\/25873741","targetHints":{"allow":["GET"]}}],"collection":[{"href":"https:\/\/neurodiversityprideday.com\/fr\/wp-json\/wp\/v2\/tribe_events"}],"about":[{"href":"https:\/\/neurodiversityprideday.com\/fr\/wp-json\/wp\/v2\/types\/tribe_events"}],"author":[{"embeddable":true,"href":"https:\/\/neurodiversityprideday.com\/fr\/wp-json\/wp\/v2\/users\/1"}],"version-history":[{"count":1,"href":"https:\/\/neurodiversityprideday.com\/fr\/wp-json\/wp\/v2\/tribe_events\/25873741\/revisions"}],"predecessor-version":[{"id":25873742,"href":"https:\/\/neurodiversityprideday.com\/fr\/wp-json\/wp\/v2\/tribe_events\/25873741\/revisions\/25873742"}],"wp:featuredmedia":[{"embeddable":true,"href":"https:\/\/neurodiversityprideday.com\/fr\/wp-json\/wp\/v2\/media\/25873724"}],"wp:attachment":[{"href":"https:\/\/neurodiversityprideday.com\/fr\/wp-json\/wp\/v2\/media?parent=25873741"}],"wp:term":[{"taxonomy":"post_tag","embeddable":true,"href":"https:\/\/neurodiversityprideday.com\/fr\/wp-json\/wp\/v2\/tags?post=25873741"},{"taxonomy":"tribe_events_cat","embeddable":true,"href":"https:\/\/neurodiversityprideday.com\/fr\/wp-json\/wp\/v2\/tribe_events_cat?post=25873741"}],"curies":[{"name":"wp","href":"https:\/\/api.w.org\/{rel}","templated":true}]}}