{"id":25874493,"date":"2025-06-06T15:07:41","date_gmt":"2025-06-06T13:07:41","guid":{"rendered":"https:\/\/neurodiversityprideday.com\/?post_type=tribe_events&#038;p=25874493"},"modified":"2025-06-13T14:08:07","modified_gmt":"2025-06-13T12:08:07","slug":"beyond-the-norm-celebrating-all-minds-through-neuroinclusive-care-and-education","status":"publish","type":"tribe_events","link":"https:\/\/neurodiversityprideday.com\/fr\/my-event\/beyond-the-norm-celebrating-all-minds-through-neuroinclusive-care-and-education\/","title":{"rendered":"Au-del\u00e0 de la norme : C\u00e9l\u00e9brer tous les esprits gr\u00e2ce aux soins et \u00e0 l'\u00e9ducation neuroinclusifs"},"content":{"rendered":"<div class=\"sVLH7h\">\n<div class=\"qJ0QtF W8KyHZ vvjb38\">\n<div class=\"MIvWD\" dir=\"ltr\" data-id=\"content-viewer\">\n<div class=\"CqvLv\">\n<div class=\"_6EiaF\">\n<h1 id=\"viewer-btbe6124\" class=\"jTnlE Wh5Vq YFeZR rp3R4\" dir=\"auto\"><span class=\"_7kgFm\"><strong>Au-del\u00e0 de la norme : C\u00e9l\u00e9brer tous les esprits gr\u00e2ce aux soins et \u00e0 l'\u00e9ducation neuroinclusifs<\/strong><\/span><\/h1>\n<h3 id=\"viewer-ocamm127\" class=\"pRw5c Wh5Vq YFeZR rp3R4\" dir=\"auto\"><span class=\"_7kgFm\">Un rassemblement d'\u00e9ducateurs, d'entra\u00eeneurs et d'alli\u00e9s engag\u00e9s dans l'appartenance de chaque cerveau.<\/span><\/h3>\n<p id=\"viewer-6qv66130\" class=\"CXcsI h-SF9 YFeZR rp3R4\" dir=\"auto\"><span class=\"wCrjQ\">Si tu soutiens les enfants - que ce soit dans les milieux de la petite enfance, les classes primaires, les s\u00e9ances de coaching ou les r\u00f4les d'aidant - tu es d\u00e9j\u00e0 en train de fa\u00e7onner l'avenir. \u00c0 l'occasion de la Journ\u00e9e de la fiert\u00e9 de la neurodiversit\u00e9, participe \u00e0 une exp\u00e9rience d'apprentissage puissante con\u00e7ue pour renforcer ta confiance, approfondir ta compr\u00e9hension et t'\u00e9quiper d'outils pour soutenir toutes sortes d'esprits.<\/span><\/p>\n<div id=\"viewer-kgej6132\" class=\"CXcsI h-SF9 YFeZR rp3R4\" dir=\"auto\"><span class=\"wCrjQ\">\u00a0<\/span><span class=\"wCrjQ\">Organis\u00e9 par la Neurodiversity Education Academy, cet \u00e9v\u00e9nement associe des id\u00e9es de la vie r\u00e9elle \u00e0 des strat\u00e9gies pratiques que tu peux appliquer directement dans tes environnements d'apprentissage. Qu'il s'agisse de r\u00e9pondre aux grandes \u00e9motions, d'\u00e9tayer le fonctionnement ex\u00e9cutif ou de cr\u00e9er des espaces o\u00f9 chaque enfant se sent en s\u00e9curit\u00e9 et vu, tu repartiras avec plus de clart\u00e9, plus d'outils et plus de liens.<\/span><\/div>\n<div id=\"viewer-2572r135\" class=\"CXcsI h-SF9 YFeZR rp3R4\" dir=\"auto\"><span class=\"wCrjQ\">\u00a0<\/span><\/div>\n<p id=\"viewer-ozfd5136\" class=\"CXcsI h-SF9 YFeZR rp3R4\" dir=\"auto\"><span class=\"wCrjQ\">Ce que tu gagneras :<\/span><\/p>\n<ul>\n<li id=\"viewer-0wng7138\" class=\"CXcsI h-SF9 YFeZR rp3R4\" dir=\"auto\"><span class=\"wCrjQ\">Une meilleure compr\u00e9hension des exp\u00e9riences neurodivergentes - \u00e0 travers la voix des jeunes<\/span><\/li>\n<li id=\"viewer-aepcp140\" class=\"CXcsI h-SF9 YFeZR rp3R4\" dir=\"auto\"><span class=\"wCrjQ\">Outils pour soutenir la r\u00e9gulation des \u00e9motions et de l'\u00e9nergie \u00e0 tous les \u00e2ges et dans tous les contextes<\/span><\/li>\n<li id=\"viewer-xtebf142\" class=\"CXcsI h-SF9 YFeZR rp3R4\" dir=\"auto\"><span class=\"wCrjQ\">Des moyens pratiques pour entretenir les comp\u00e9tences en mati\u00e8re de fonctionnement ex\u00e9cutif sans stress ni honte.<\/span><\/li>\n<li id=\"viewer-mi59f144\" class=\"CXcsI h-SF9 YFeZR rp3R4\" dir=\"auto\"><span class=\"wCrjQ\">Approches visant \u00e0 instaurer la confiance, la cor\u00e9gulation et la connexion dans les routines quotidiennes.<\/span><\/li>\n<li id=\"viewer-7kwpr146\" class=\"CXcsI h-SF9 YFeZR rp3R4\" dir=\"auto\"><span class=\"wCrjQ\">Un espace de soutien pour r\u00e9fl\u00e9chir, se ressourcer et apprendre avec d'autres personnes qui se soucient profond\u00e9ment de l'inclusion.<\/span><\/li>\n<\/ul>\n<p id=\"viewer-x358f149\" class=\"CXcsI h-SF9 YFeZR rp3R4\" dir=\"auto\"><span class=\"wCrjQ\">La journ\u00e9e comprend \u00e9galement un espace de calme pour se reposer et se r\u00e9guler, ainsi qu'un cercle de partage dirig\u00e9 par les adolescents, qui met l'accent sur la connexion et l'expression des pairs.<\/span><\/p>\n<div id=\"viewer-cmqcf151\" class=\"CXcsI h-SF9 YFeZR rp3R4\" dir=\"auto\"><span class=\"wCrjQ\">\u00a0<\/span><\/div>\n<h4 id=\"viewer-bgzwp152\" class=\"Qmzwu Wh5Vq YFeZR rp3R4\" dir=\"auto\"><span class=\"_7kgFm\"><strong><em>C'est plus qu'une c\u00e9l\u00e9bration, c'est une journ\u00e9e pour d\u00e9velopper ta pratique, renforcer ton impact et r\u00e9affirmer ton engagement \u00e0 l'appartenance de chaque cerveau.<\/em><\/strong><\/span><\/h4>\n<div id=\"viewer-13xmt377\" class=\"CXcsI h-SF9 YFeZR rp3R4\" dir=\"auto\"><\/div>\n<\/div>\n<\/div>\n<\/div>\n<\/div>\n<\/div>","protected":false},"excerpt":{"rendered":"<p>Beyond the Norm: Celebrating All Minds Through Neuroinclusive Care and Education A Gathering for Educators, Coaches, and Allies Committed to Belonging for Every Brain If you\u2019re supporting children\u2014whether in early [&hellip;]<\/p>\n","protected":false},"author":1,"featured_media":25874494,"template":"","meta":{"_acf_changed":false,"_et_pb_use_builder":"","_et_pb_old_content":"","_et_gb_content_width":"","_tribe_events_status":"","_tribe_events_status_reason":"","footnotes":""},"tags":[],"tribe_events_cat":[68,70,69],"class_list":["post-25874493","tribe_events","type-tribe_events","status-publish","has-post-thumbnail","hentry","tribe_events_cat-in-person","tribe_events_cat-other","tribe_events_cat-talks","cat_in-person","cat_other","cat_talks"],"acf":[],"_links":{"self":[{"href":"https:\/\/neurodiversityprideday.com\/fr\/wp-json\/wp\/v2\/tribe_events\/25874493","targetHints":{"allow":["GET"]}}],"collection":[{"href":"https:\/\/neurodiversityprideday.com\/fr\/wp-json\/wp\/v2\/tribe_events"}],"about":[{"href":"https:\/\/neurodiversityprideday.com\/fr\/wp-json\/wp\/v2\/types\/tribe_events"}],"author":[{"embeddable":true,"href":"https:\/\/neurodiversityprideday.com\/fr\/wp-json\/wp\/v2\/users\/1"}],"version-history":[{"count":2,"href":"https:\/\/neurodiversityprideday.com\/fr\/wp-json\/wp\/v2\/tribe_events\/25874493\/revisions"}],"predecessor-version":[{"id":25874498,"href":"https:\/\/neurodiversityprideday.com\/fr\/wp-json\/wp\/v2\/tribe_events\/25874493\/revisions\/25874498"}],"wp:featuredmedia":[{"embeddable":true,"href":"https:\/\/neurodiversityprideday.com\/fr\/wp-json\/wp\/v2\/media\/25874494"}],"wp:attachment":[{"href":"https:\/\/neurodiversityprideday.com\/fr\/wp-json\/wp\/v2\/media?parent=25874493"}],"wp:term":[{"taxonomy":"post_tag","embeddable":true,"href":"https:\/\/neurodiversityprideday.com\/fr\/wp-json\/wp\/v2\/tags?post=25874493"},{"taxonomy":"tribe_events_cat","embeddable":true,"href":"https:\/\/neurodiversityprideday.com\/fr\/wp-json\/wp\/v2\/tribe_events_cat?post=25874493"}],"curies":[{"name":"wp","href":"https:\/\/api.w.org\/{rel}","templated":true}]}}