{"id":25875342,"date":"2025-06-10T20:51:55","date_gmt":"2025-06-10T18:51:55","guid":{"rendered":"https:\/\/neurodiversityprideday.com\/es"},"modified":"2025-06-10T20:51:55","modified_gmt":"2025-06-10T18:51:55","slug":"audiovisuales-de-escuelas-y-universidades","status":"publish","type":"tribe_events","link":"https:\/\/neurodiversityprideday.com\/fr\/my-event\/audiovisuales-de-escuelas-y-universidades\/","title":{"rendered":"AUDIOVISUALES DE ESCUELAS Y UNIVERSIDADES"},"content":{"rendered":"<p data-sourcepos=\"3:1-3:13\">Hola a todos :<\/p>\n<p data-sourcepos=\"5:1-5:295\">\u00a1Este a\u00f1o es hist\u00f3rico ! Pour la premi\u00e8re fois, les pays hispanohablants nous unissent pour la c\u00e9l\u00e9bration du\u00a0<strong>D\u00eda del Orgullo de la Neurodiversidad (Jour de l'Orgueil de la Neurodiversit\u00e9)<\/strong>. C'est un honneur pour tous ceux qui participent \u00e0 cette initiative, au cours de laquelle nous comparons internationalement des ateliers, des spectacles, de la musique, des films et d'autres activit\u00e9s.<\/p>\n<p data-sourcepos=\"5:1-5:295\">Nous sommes extr\u00eamement reconnaissants au festival international eMove de nous avoir donn\u00e9 l'occasion d'exposer une s\u00e9lection des travaux r\u00e9alis\u00e9s lors de ses neuf premi\u00e8res \u00e9ditions. Cette exposition comprend des \u0153uvres audiovisuelles exceptionnelles cr\u00e9\u00e9es par des \u00e9tudiants de diverses \u00e9coles et universit\u00e9s.<\/p>\n<p data-sourcepos=\"5:1-5:295\">\u00c0 travers ces \u0153uvres, notre objectif est de partager un message fondamental avec toutes les personnes : nous faisons tous partie de la neurodiversit\u00e9. Nous voulons c\u00e9l\u00e9brer la richesse et la vari\u00e9t\u00e9 des mentalit\u00e9s qui existent dans notre monde.<\/p>\n<p data-sourcepos=\"5:1-5:295\">Avec ces vid\u00e9os, nous vous souhaitons la bienvenue \u00e0 la ND Pride, une c\u00e9l\u00e9bration organis\u00e9e par et pour les personnes neurodivergentes et leurs alli\u00e9s. Tout le monde, ind\u00e9pendamment de sa neurologie, est invit\u00e9 \u00e0 s'unir pour reconna\u00eetre et honorer la neurodiversit\u00e9. Nous c\u00e9l\u00e9brons la singularit\u00e9 des cerveaux neurodivergents et la valeur de la neurodiversit\u00e9 pour la soci\u00e9t\u00e9. La neurodiversit\u00e9 fait r\u00e9f\u00e9rence aux formes quasi infinies sous lesquelles les cerveaux fonctionnent, per\u00e7oivent et comprennent le monde. Reconnaissez et valorisez les points forts et les capacit\u00e9s qui d\u00e9coulent des diff\u00e9rents organes neurologiques, comme l'autisme, le TDAH, la dislexie, le TDC, la superdotation, les troubles mentaux et autres. Notre c\u00e9l\u00e9bration vise \u00e9galement \u00e0 apporter de l'aide et des adaptations aux personnes neurodivergentes, afin de leur permettre de prosp\u00e9rer dans une soci\u00e9t\u00e9 con\u00e7ue pour le plus grand nombre.<\/p>\n<p data-sourcepos=\"5:1-5:295\">Vous pourrez voir une pr\u00e9sentation fantastique de 9 films audiovisuels pr\u00e9sent\u00e9s lors des derni\u00e8res \u00e9ditions du festival. Nous sommes s\u00fbrs que vous serez surpris.<\/p>\n<p data-sourcepos=\"5:1-5:295\">Este es el enlace paera poder ver : https:\/\/www.youtube.com\/watch?v=xgANYKxhYx4&amp;t=54s<\/p>\n<p data-sourcepos=\"7:1-8:58\">Nous t'invitons \u00e0 consulter le\u00a0<strong>programme complet<\/strong>\u00a0et de participer \u00e0 nos \u00e9v\u00e9nements par le biais de cette page :\u00a0<a class=\"ng-star-inserted\" href=\"https:\/\/acortar.link\/mpJmBn\" target=\"_blank\" rel=\"noopener\">https:\/\/acortar.link\/mpJmBn<\/a><\/p>\n<p data-sourcepos=\"10:1-11:74\">Adem\u00e1s, nos encantar\u00eda contar con tu\u00a0<strong>opinion<\/strong>\u00a0pour \u00e9laborer un manifeste qui c\u00e9l\u00e8bre la neurodiversit\u00e9. Dans le formulaire suivant, tu pourras faire part de tes commentaires et t'inscrire pour acc\u00e9der aux salles de Zoom des \u00e9v\u00e9nements en direct :\u00a0<a class=\"ng-star-inserted\" href=\"https:\/\/forms.gle\/r3F4Y2ysScKxvmdj9\" target=\"_blank\" rel=\"noopener\">https:\/\/forms.gle\/r3F4Y2ysScKxvmdj9<\/a><\/p>\n<p data-sourcepos=\"13:1-13:22\">\u00a1Esperamos verte all\u00ed !<\/p>","protected":false},"excerpt":{"rendered":"<p>Hola a todos: \u00a1Este a\u00f1o es hist\u00f3rico! Por primera vez, los pa\u00edses hispanohablantes nos unimos a la celebraci\u00f3n del\u00a0D\u00eda del Orgullo de la Neurodiversidad. Es un honor para todos los [&hellip;]<\/p>\n","protected":false},"author":61,"featured_media":25875355,"template":"","meta":{"_acf_changed":false,"_et_pb_use_builder":"","_et_pb_old_content":"","_et_gb_content_width":"","_tribe_events_status":"","_tribe_events_status_reason":"","footnotes":""},"tags":[],"tribe_events_cat":[],"class_list":["post-25875342","tribe_events","type-tribe_events","status-publish","has-post-thumbnail","hentry"],"acf":[],"_links":{"self":[{"href":"https:\/\/neurodiversityprideday.com\/fr\/wp-json\/wp\/v2\/tribe_events\/25875342","targetHints":{"allow":["GET"]}}],"collection":[{"href":"https:\/\/neurodiversityprideday.com\/fr\/wp-json\/wp\/v2\/tribe_events"}],"about":[{"href":"https:\/\/neurodiversityprideday.com\/fr\/wp-json\/wp\/v2\/types\/tribe_events"}],"author":[{"embeddable":true,"href":"https:\/\/neurodiversityprideday.com\/fr\/wp-json\/wp\/v2\/users\/61"}],"version-history":[{"count":1,"href":"https:\/\/neurodiversityprideday.com\/fr\/wp-json\/wp\/v2\/tribe_events\/25875342\/revisions"}],"predecessor-version":[{"id":25875352,"href":"https:\/\/neurodiversityprideday.com\/fr\/wp-json\/wp\/v2\/tribe_events\/25875342\/revisions\/25875352"}],"wp:featuredmedia":[{"embeddable":true,"href":"https:\/\/neurodiversityprideday.com\/fr\/wp-json\/wp\/v2\/media\/25875355"}],"wp:attachment":[{"href":"https:\/\/neurodiversityprideday.com\/fr\/wp-json\/wp\/v2\/media?parent=25875342"}],"wp:term":[{"taxonomy":"post_tag","embeddable":true,"href":"https:\/\/neurodiversityprideday.com\/fr\/wp-json\/wp\/v2\/tags?post=25875342"},{"taxonomy":"tribe_events_cat","embeddable":true,"href":"https:\/\/neurodiversityprideday.com\/fr\/wp-json\/wp\/v2\/tribe_events_cat?post=25875342"}],"curies":[{"name":"wp","href":"https:\/\/api.w.org\/{rel}","templated":true}]}}