{"id":25941,"date":"2023-06-12T11:54:28","date_gmt":"2023-06-12T11:54:28","guid":{"rendered":"https:\/\/neurodiversityprideday.com\/?page_id=25941"},"modified":"2025-05-22T11:16:42","modified_gmt":"2025-05-22T09:16:42","slug":"poland2023","status":"publish","type":"page","link":"https:\/\/neurodiversityprideday.com\/nl\/poland2023\/","title":{"rendered":"Poland-2023"},"content":{"rendered":"<p>[et_pb_section fb_built=&#8221;1&#8243; admin_label=&#8221;Hero&#8221; module_class=&#8221;wpt-divi-forms wpt-divi-forms wpt-divi-forms wpt-divi-forms wpt-divi-forms wpt-divi-forms wpt-divi-forms wpt-divi-forms wpt-divi-forms wpt-divi-forms wpt-divi-forms wpt-divi-forms wpt-divi-forms wpt-divi-forms wpt-divi-forms wpt-divi-forms&#8221; _builder_version=&#8221;4.21.0&#8243; use_background_color_gradient=&#8221;on&#8221; background_color_gradient_stops=&#8221;#8300e9 0%|#0c71c3 100%&#8221; background_color_gradient_overlays_image=&#8221;on&#8221; background_color_gradient_start=&#8221;rgba(0,0,0,0.5)&#8221; background_color_gradient_end=&#8221;rgba(0,0,0,0)&#8221; custom_margin=&#8221;|||&#8221; custom_padding=&#8221;80px||0px||false|false&#8221; bottom_divider_style=&#8221;slant&#8221; bottom_divider_color=&#8221;#ffffff&#8221; bottom_divider_flip=&#8221;horizontal&#8221; animation_style=&#8221;slide&#8221; animation_direction=&#8221;top&#8221; animation_intensity_slide=&#8221;5%&#8221; animation_starting_opacity=&#8221;100%&#8221; hover_enabled=&#8221;0&#8243; global_colors_info=&#8221;{}&#8221; theme_builder_area=&#8221;post_content&#8221; background_enable_image=&#8221;off&#8221; background_color_gradient_direction=&#8221;90deg&#8221; sticky_enabled=&#8221;0&#8243;][et_pb_row column_structure=&#8221;1_2,1_2&#8243; _builder_version=&#8221;4.21.0&#8243; _module_preset=&#8221;default&#8221; global_colors_info=&#8221;{}&#8221; theme_builder_area=&#8221;post_content&#8221;][et_pb_column type=&#8221;1_2&#8243; _builder_version=&#8221;4.21.0&#8243; _module_preset=&#8221;default&#8221; global_colors_info=&#8221;{}&#8221; theme_builder_area=&#8221;post_content&#8221;][et_pb_image src=&#8221;https:\/\/neurodiversityprideday.com\/wp-content\/uploads\/2023\/06\/1686558889722.jpeg&#8221; alt=&#8221;Neurodiversity Pride Day 2023: Celebrating Neurodivergent Pride. June 16th. Program&#8221; title_text=&#8221;1686558889722&#8243; _builder_version=&#8221;4.21.0&#8243; _module_preset=&#8221;default&#8221; hover_enabled=&#8221;0&#8243; global_colors_info=&#8221;{}&#8221; theme_builder_area=&#8221;post_content&#8221; sticky_enabled=&#8221;0&#8243;][\/et_pb_image][\/et_pb_column][et_pb_column type=&#8221;1_2&#8243; _builder_version=&#8221;4.21.0&#8243; _module_preset=&#8221;default&#8221; global_colors_info=&#8221;{}&#8221; theme_builder_area=&#8221;post_content&#8221;][et_pb_image src=&#8221;https:\/\/neurodiversityprideday.com\/wp-content\/uploads\/2023\/06\/1686043609099.jpeg&#8221; title_text=&#8221;1686043609099&#8243; _builder_version=&#8221;4.21.0&#8243; _module_preset=&#8221;default&#8221; hover_enabled=&#8221;0&#8243; global_colors_info=&#8221;{}&#8221; theme_builder_area=&#8221;post_content&#8221; sticky_enabled=&#8221;0&#8243;][\/et_pb_image][\/et_pb_column][\/et_pb_row][et_pb_row column_structure=&#8221;3_4,1_4&#8243; module_id=&#8221;top&#8221; _builder_version=&#8221;4.19.4&#8243; background_size=&#8221;initial&#8221; background_position=&#8221;top_left&#8221; background_repeat=&#8221;repeat&#8221; custom_padding=&#8221;27px|0px|0px|0px&#8221; global_colors_info=&#8221;{}&#8221; theme_builder_area=&#8221;post_content&#8221;][et_pb_column type=&#8221;3_4&#8243; _builder_version=&#8221;4.16&#8243; custom_padding=&#8221;|||&#8221; global_colors_info=&#8221;{}&#8221; custom_padding__hover=&#8221;|||&#8221; theme_builder_area=&#8221;post_content&#8221;][et_pb_text admin_label=&#8221;Title&#8221; _builder_version=&#8221;4.21.0&#8243; text_font=&#8221;||||||||&#8221; text_line_height=&#8221;2em&#8221; header_font=&#8221;Montserrat|600|||||||&#8221; header_font_size=&#8221;80px&#8221; header_line_height=&#8221;1.8em&#8221; background_layout=&#8221;dark&#8221; custom_margin=&#8221;10px||10px||false|false&#8221; custom_padding=&#8221;10px||10px||false|false&#8221; animation_style=&#8221;zoom&#8221; animation_direction=&#8221;left&#8221; animation_intensity_zoom=&#8221;10%&#8221; header_font_size_tablet=&#8221;&#8221; header_font_size_phone=&#8221;72px&#8221; header_font_size_last_edited=&#8221;on|phone&#8221; global_colors_info=&#8221;{}&#8221; theme_builder_area=&#8221;post_content&#8221;]<\/p>\n<h2><strong><span style=\"font-size: xxx-large;\">Neurodiversity Pride Day Poland<\/span><\/strong><\/h2>\n<h3><\/h3>\n<h3><strong><span style=\"font-size: x-large;\"><span style=\"font-size: xx-large;\"><em>Proud to be neurodivergent!<\/em><\/span><\/span><\/strong><\/h3>\n<h4><\/h4>\n<h2><span style=\"font-size: large;\">Zapraszamy na ostatnie przed wakacjami \u00c5\u0161niadanie Think Tank Diversity Hub w ramach \u00c5\u203awi\u00c4\u2122towania Neurodiversity Pride Day!!!<\/span><br \/><span style=\"font-size: large;\">Wed\u00c5\u201aug szacunk\u00c3\u00b3w rozmaitych organizacji, co najmniej 20% os\u00c3\u00b3b na \u00c5\u203awiecie mo\u00c5\u00bcna okre\u00c5\u203ali\u00c4\u2021 jak neuroatypowe.<span class=\"white-space-pre\"> <\/span><\/span><br \/><span style=\"font-size: large;\">Ka\u00c5\u00bcdy wymiar r\u00c3\u00b3\u00c5\u00bcnorodno\u00c5\u203aci wp\u00c5\u201aywa na potencja\u00c5\u201a innowacyjno\u00c5\u203aci i gotowo\u00c5\u203aci do zmiany w organizacji. Pomaga us\u00c5\u201aysze\u00c4\u2021 niestandardowe pomys\u00c5\u201ay, stworzy\u00c4\u2021 nowe us\u00c5\u201augi, zaadresowa\u00c4\u2021 potrzeby zmieniaj\u00c4\u2026cej si\u00c4\u2122 grupy odbiorc\u00c3\u00b3w.<\/span><br \/><span style=\"font-size: large;\">Podczas czerwcowego \u00c5\u0161niadania porozmawiamy o do\u00c5\u203awiadczeniach w kwestii neuror\u00c3\u00b3\u00c5\u00bcnorodno\u00c5\u203aci w miejscu pracy. Spotkanie poprowadzi Jakub S\u00c5\u201aowik \u00e2\u20ac\u201c psycholog, trener i pasjonat tematu neurodiversity.<\/span><\/h2>\n<p>&nbsp;<\/p>\n<p><span>Zapraszamy do rejestracji: <a href=\"https:\/\/sniadanie0623.webankieta.pl\/\">https:\/\/sniadanie0623.webankieta.pl\/<\/a><\/span><\/p>\n<p><span>Organizatorem Neurodiversity Pride Day 2023 obchodzonego 16 czerwca jest Neurodiversity Foundation, a wi\u00c4\u2122cej szczeg\u00c3\u00b3\u00c5\u201a\u00c3\u00b3w mo\u00c5\u00bcna znale\u00c5\u00ba\u00c4\u2021 na stronie: https:\/\/neurodiversityprideday.com\/poland<\/span><\/p>\n<p><span>&#8212;&#8212;&#8212;&#8211;<\/span><\/p>\n<p><span>Join us to celebrate Neurodiversity Pride Day at the last Diversity Hub breakfast before the summer break!<\/span><\/p>\n<p><span>At least 20% of the world&#8217;s population can be described as neurotypical, according to estimates from various organisations. Every dimension of diversity has an impact on an organisation&#8217;s potential for innovation and readiness for change. They help us think outside the box, create new services and meet the needs of a changing public.<\/span><\/p>\n<p><span>At the breakfast meeting in June, we will be talking about experiences of neurodiversity in the workplace. The host will be Jakub S\u00c5\u201aowik &#8211; psychologist, trainer and neurodiversity enthusiast.<\/span><\/p>\n<p><span>Registration for our event: <a href=\"https:\/\/sniadanie0623.webankieta.pl\/\">https:\/\/sniadanie0623.webankieta.pl\/<\/a><\/span><\/p>\n<p><span>Neurodiversity Pride Day 2023 celebrated on 16 June is organized by the Neurodiversity Foundation, for more information visit https:\/\/lnkd.in\/eiZ69DgG.<\/span><\/p>\n<p>[\/et_pb_text][et_pb_divider color=&#8221;rgba(255,255,255,0.7)&#8221; divider_weight=&#8221;3px&#8221; _builder_version=&#8221;4.16&#8243; max_width=&#8221;120px&#8221; animation_style=&#8221;zoom&#8221; animation_direction=&#8221;left&#8221; global_colors_info=&#8221;{}&#8221; theme_builder_area=&#8221;post_content&#8221;][\/et_pb_divider][\/et_pb_column][et_pb_column type=&#8221;1_4&#8243; _builder_version=&#8221;4.16&#8243; custom_padding=&#8221;|||&#8221; global_colors_info=&#8221;{}&#8221; custom_padding__hover=&#8221;|||&#8221; theme_builder_area=&#8221;post_content&#8221;][et_pb_image src=&#8221;https:\/\/neurodiversityprideday.com\/wp-content\/uploads\/2023\/01\/pride-logo-2021-wit-1@4x.png&#8221; title_text=&#8221;pride logo 2021 wit 1@4x&#8221; force_fullwidth=&#8221;on&#8221; _builder_version=&#8221;4.19.4&#8243; _module_preset=&#8221;default&#8221; filter_hue_rotate=&#8221;297deg&#8221; filter_saturate=&#8221;162%&#8221; filter_brightness=&#8221;116%&#8221; hover_enabled=&#8221;0&#8243; global_colors_info=&#8221;{}&#8221; theme_builder_area=&#8221;post_content&#8221; sticky_enabled=&#8221;0&#8243;][\/et_pb_image][et_pb_image src=&#8221;https:\/\/neurodiversityprideday.com\/wp-content\/uploads\/2023\/06\/Diversity_Hub_Breakfast_Neurodiversity_Pride_Day_2023.jpg&#8221; title_text=&#8221;Diversity_Hub_Breakfast_Neurodiversity_Pride_Day_2023&#8243; force_fullwidth=&#8221;on&#8221; _builder_version=&#8221;4.21.0&#8243; _module_preset=&#8221;default&#8221; filter_hue_rotate=&#8221;297deg&#8221; filter_saturate=&#8221;162%&#8221; filter_brightness=&#8221;116%&#8221; hover_enabled=&#8221;0&#8243; global_colors_info=&#8221;{}&#8221; theme_builder_area=&#8221;post_content&#8221; sticky_enabled=&#8221;0&#8243;][\/et_pb_image][\/et_pb_column][\/et_pb_row][et_pb_row column_structure=&#8221;1_2,1_2&#8243; _builder_version=&#8221;4.21.0&#8243; _module_preset=&#8221;default&#8221; custom_margin=&#8221;10px||10px||false|false&#8221; global_colors_info=&#8221;{}&#8221; theme_builder_area=&#8221;post_content&#8221;][et_pb_column type=&#8221;1_2&#8243; _builder_version=&#8221;4.21.0&#8243; _module_preset=&#8221;default&#8221; global_colors_info=&#8221;{}&#8221; theme_builder_area=&#8221;post_content&#8221;][\/et_pb_column][et_pb_column type=&#8221;1_2&#8243; _builder_version=&#8221;4.21.0&#8243; _module_preset=&#8221;default&#8221; global_colors_info=&#8221;{}&#8221; theme_builder_area=&#8221;post_content&#8221;][\/et_pb_column][\/et_pb_row][et_pb_row column_structure=&#8221;1_2,1_2&#8243; _builder_version=&#8221;4.21.0&#8243; _module_preset=&#8221;default&#8221; global_colors_info=&#8221;{}&#8221; theme_builder_area=&#8221;post_content&#8221;][et_pb_column type=&#8221;1_2&#8243; _builder_version=&#8221;4.21.0&#8243; _module_preset=&#8221;default&#8221; global_colors_info=&#8221;{}&#8221; theme_builder_area=&#8221;post_content&#8221;][et_pb_image src=&#8221;https:\/\/neurodiversityprideday.com\/wp-content\/uploads\/2023\/04\/Neurodiversity-Pride-Day-Activities-EN-3.png&#8221; alt=&#8221;Neurodiversity Pride Day 2023: Celebrating Neurodivergent Pride. June 16th. Program&#8221; title_text=&#8221;Neurodiversity Pride Day Activities EN (3)&#8221; _builder_version=&#8221;4.21.0&#8243; _module_preset=&#8221;default&#8221; global_colors_info=&#8221;{}&#8221; theme_builder_area=&#8221;post_content&#8221;][\/et_pb_image][\/et_pb_column][et_pb_column type=&#8221;1_2&#8243; _builder_version=&#8221;4.21.0&#8243; _module_preset=&#8221;default&#8221; global_colors_info=&#8221;{}&#8221; theme_builder_area=&#8221;post_content&#8221;][et_pb_image src=&#8221;https:\/\/neurodiversityprideday.com\/wp-content\/uploads\/2023\/06\/Neurodiversity-Pride-Day-2023-International.png&#8221; title_text=&#8221;Neurodiversity Pride Day 2023 &#8211; International&#8221; _builder_version=&#8221;4.21.0&#8243; _module_preset=&#8221;default&#8221; global_colors_info=&#8221;{}&#8221; theme_builder_area=&#8221;post_content&#8221;][\/et_pb_image][\/et_pb_column][\/et_pb_row][\/et_pb_section][et_pb_section fb_built=&#8221;1&#8243; module_class=&#8221;wpt-divi-forms wpt-divi-forms wpt-divi-forms wpt-divi-forms wpt-divi-forms wpt-divi-forms wpt-divi-forms wpt-divi-forms wpt-divi-forms wpt-divi-forms wpt-divi-forms wpt-divi-forms wpt-divi-forms wpt-divi-forms wpt-divi-forms&#8221; _builder_version=&#8221;4.19.4&#8243; _module_preset=&#8221;default&#8221; global_colors_info=&#8221;{}&#8221; theme_builder_area=&#8221;post_content&#8221;][et_pb_row _builder_version=&#8221;4.19.4&#8243; _module_preset=&#8221;default&#8221; global_colors_info=&#8221;{}&#8221; theme_builder_area=&#8221;post_content&#8221;][et_pb_column type=&#8221;4_4&#8243; _builder_version=&#8221;4.19.4&#8243; _module_preset=&#8221;default&#8221; global_colors_info=&#8221;{}&#8221; theme_builder_area=&#8221;post_content&#8221;][et_pb_text _builder_version=&#8221;4.21.0&#8243; _module_preset=&#8221;default&#8221; custom_margin=&#8221;||15px||false|false&#8221; hover_enabled=&#8221;0&#8243; global_colors_info=&#8221;{}&#8221; theme_builder_area=&#8221;post_content&#8221; sticky_enabled=&#8221;0&#8243;]<\/p>\n<h1>Earlier celebrations of ND Pride Day<\/h1>\n<p>[\/et_pb_text][\/et_pb_column][\/et_pb_row][et_pb_row column_structure=&#8221;1_5,1_5,1_5,1_5,1_5&#8243; _builder_version=&#8221;4.19.4&#8243; _module_preset=&#8221;default&#8221; global_colors_info=&#8221;{}&#8221; theme_builder_area=&#8221;post_content&#8221;][et_pb_column type=&#8221;1_5&#8243; _builder_version=&#8221;4.19.4&#8243; _module_preset=&#8221;default&#8221; global_colors_info=&#8221;{}&#8221; theme_builder_area=&#8221;post_content&#8221;][et_pb_button button_url=&#8221;https:\/\/neurodiversiteit.nl\/nd-pride-2018&#8243; url_new_window=&#8221;on&#8221; button_text=&#8221;ND Pride 2018&#8243; _builder_version=&#8221;4.19.4&#8243; _module_preset=&#8221;default&#8221; custom_button=&#8221;on&#8221; button_bg_use_color_gradient=&#8221;on&#8221; button_bg_color_gradient_direction=&#8221;90deg&#8221; button_bg_color_gradient_stops=&#8221;#0c71c3 1%|#8300e9 99%&#8221; button_bg_color_gradient_start=&#8221;#4968ff&#8221; button_bg_color_gradient_end=&#8221;#6fe5f3&#8243; button_border_width=&#8221;0px&#8221; button_border_radius=&#8221;0px&#8221; button_font=&#8221;Montserrat|500||on|||||&#8221; button_icon=&#8221;&#x24;||divi||400&#8243; button_on_hover=&#8221;off&#8221; background_layout=&#8221;dark&#8221; custom_margin=&#8221;5px||||false|false&#8221; custom_padding=&#8221;24px|60px|24px|40px&#8221; animation_style=&#8221;zoom&#8221; animation_direction=&#8221;left&#8221; animation_delay=&#8221;200ms&#8221; animation_intensity_zoom=&#8221;10%&#8221; global_colors_info=&#8221;{}&#8221; theme_builder_area=&#8221;post_content&#8221;][\/et_pb_button][\/et_pb_column][et_pb_column type=&#8221;1_5&#8243; _builder_version=&#8221;4.19.4&#8243; _module_preset=&#8221;default&#8221; global_colors_info=&#8221;{}&#8221; theme_builder_area=&#8221;post_content&#8221;][et_pb_button button_url=&#8221;https:\/\/neurodiversiteit.nl\/nd-pride-2019&#8243; url_new_window=&#8221;on&#8221; button_text=&#8221;ND Pride 2019&#8243; _builder_version=&#8221;4.19.4&#8243; _module_preset=&#8221;default&#8221; custom_button=&#8221;on&#8221; button_bg_use_color_gradient=&#8221;on&#8221; button_bg_color_gradient_direction=&#8221;90deg&#8221; button_bg_color_gradient_stops=&#8221;#0c71c3 1%|#8300e9 99%&#8221; button_bg_color_gradient_start=&#8221;#4968ff&#8221; button_bg_color_gradient_end=&#8221;#6fe5f3&#8243; button_border_width=&#8221;0px&#8221; button_border_radius=&#8221;0px&#8221; button_font=&#8221;Montserrat|500||on|||||&#8221; button_icon=&#8221;&#x24;||divi||400&#8243; button_on_hover=&#8221;off&#8221; background_layout=&#8221;dark&#8221; custom_margin=&#8221;5px||||false|false&#8221; custom_padding=&#8221;24px|60px|24px|40px&#8221; animation_style=&#8221;zoom&#8221; animation_direction=&#8221;left&#8221; animation_delay=&#8221;200ms&#8221; animation_intensity_zoom=&#8221;10%&#8221; global_colors_info=&#8221;{}&#8221; theme_builder_area=&#8221;post_content&#8221;][\/et_pb_button][\/et_pb_column][et_pb_column type=&#8221;1_5&#8243; _builder_version=&#8221;4.19.4&#8243; _module_preset=&#8221;default&#8221; global_colors_info=&#8221;{}&#8221; theme_builder_area=&#8221;post_content&#8221;][et_pb_button button_url=&#8221;https:\/\/neurodiversiteit.nl\/nd-pride-2020&#8243; url_new_window=&#8221;on&#8221; button_text=&#8221;ND Pride 2020&#8243; _builder_version=&#8221;4.19.4&#8243; _module_preset=&#8221;default&#8221; custom_button=&#8221;on&#8221; button_bg_use_color_gradient=&#8221;on&#8221; button_bg_color_gradient_direction=&#8221;90deg&#8221; button_bg_color_gradient_stops=&#8221;#0c71c3 1%|#8300e9 99%&#8221; button_bg_color_gradient_start=&#8221;#4968ff&#8221; button_bg_color_gradient_end=&#8221;#6fe5f3&#8243; button_border_width=&#8221;0px&#8221; button_border_radius=&#8221;0px&#8221; button_font=&#8221;Montserrat|500||on|||||&#8221; button_icon=&#8221;&#x24;||divi||400&#8243; button_on_hover=&#8221;off&#8221; background_layout=&#8221;dark&#8221; custom_margin=&#8221;5px||||false|false&#8221; custom_padding=&#8221;24px|60px|24px|40px&#8221; animation_style=&#8221;zoom&#8221; animation_direction=&#8221;left&#8221; animation_delay=&#8221;200ms&#8221; animation_intensity_zoom=&#8221;10%&#8221; global_colors_info=&#8221;{}&#8221; theme_builder_area=&#8221;post_content&#8221;][\/et_pb_button][\/et_pb_column][et_pb_column type=&#8221;1_5&#8243; _builder_version=&#8221;4.19.4&#8243; _module_preset=&#8221;default&#8221; global_colors_info=&#8221;{}&#8221; theme_builder_area=&#8221;post_content&#8221;][et_pb_button button_url=&#8221;https:\/\/neurodiversiteit.nl\/nd-pride-2021&#8243; url_new_window=&#8221;on&#8221; button_text=&#8221;ND Pride 2021&#8243; _builder_version=&#8221;4.19.4&#8243; _module_preset=&#8221;default&#8221; custom_button=&#8221;on&#8221; button_bg_use_color_gradient=&#8221;on&#8221; button_bg_color_gradient_direction=&#8221;90deg&#8221; button_bg_color_gradient_stops=&#8221;#0c71c3 1%|#8300e9 99%&#8221; button_bg_color_gradient_start=&#8221;#4968ff&#8221; button_bg_color_gradient_end=&#8221;#6fe5f3&#8243; button_border_width=&#8221;0px&#8221; button_border_radius=&#8221;0px&#8221; button_font=&#8221;Montserrat|500||on|||||&#8221; button_icon=&#8221;&#x24;||divi||400&#8243; button_on_hover=&#8221;off&#8221; background_layout=&#8221;dark&#8221; custom_margin=&#8221;5px||||false|false&#8221; custom_padding=&#8221;24px|60px|24px|40px&#8221; animation_style=&#8221;zoom&#8221; animation_direction=&#8221;left&#8221; animation_delay=&#8221;200ms&#8221; animation_intensity_zoom=&#8221;10%&#8221; global_colors_info=&#8221;{}&#8221; theme_builder_area=&#8221;post_content&#8221;][\/et_pb_button][\/et_pb_column][et_pb_column type=&#8221;1_5&#8243; _builder_version=&#8221;4.19.4&#8243; _module_preset=&#8221;default&#8221; global_colors_info=&#8221;{}&#8221; theme_builder_area=&#8221;post_content&#8221;][et_pb_button button_url=&#8221;https:\/\/neurodiversiteit.nl\/nd-pride-2022&#8243; url_new_window=&#8221;on&#8221; button_text=&#8221;ND Pride 2022&#8243; _builder_version=&#8221;4.19.4&#8243; _module_preset=&#8221;default&#8221; custom_button=&#8221;on&#8221; button_bg_use_color_gradient=&#8221;on&#8221; button_bg_color_gradient_direction=&#8221;90deg&#8221; button_bg_color_gradient_stops=&#8221;#0c71c3 1%|#8300e9 99%&#8221; button_bg_color_gradient_start=&#8221;#4968ff&#8221; button_bg_color_gradient_end=&#8221;#6fe5f3&#8243; button_border_width=&#8221;0px&#8221; button_border_radius=&#8221;0px&#8221; button_font=&#8221;Montserrat|500||on|||||&#8221; button_icon=&#8221;&#x24;||divi||400&#8243; button_on_hover=&#8221;off&#8221; background_layout=&#8221;dark&#8221; custom_margin=&#8221;5px||||false|false&#8221; custom_padding=&#8221;24px|60px|24px|40px&#8221; animation_style=&#8221;zoom&#8221; animation_direction=&#8221;left&#8221; animation_delay=&#8221;200ms&#8221; animation_intensity_zoom=&#8221;10%&#8221; global_colors_info=&#8221;{}&#8221; theme_builder_area=&#8221;post_content&#8221;][\/et_pb_button][\/et_pb_column][\/et_pb_row][\/et_pb_section]<\/p>\n","protected":false},"excerpt":{"rendered":"<p>Neurodiversity Pride Day Poland 2023<\/p>","protected":false},"author":1,"featured_media":25945,"parent":0,"menu_order":0,"comment_status":"closed","ping_status":"closed","template":"","meta":{"_acf_changed":false,"_et_pb_use_builder":"on","_et_pb_old_content":"","_et_gb_content_width":"","footnotes":""},"class_list":["post-25941","page","type-page","status-publish","has-post-thumbnail","hentry"],"acf":[],"_links":{"self":[{"href":"https:\/\/neurodiversityprideday.com\/nl\/wp-json\/wp\/v2\/pages\/25941","targetHints":{"allow":["GET"]}}],"collection":[{"href":"https:\/\/neurodiversityprideday.com\/nl\/wp-json\/wp\/v2\/pages"}],"about":[{"href":"https:\/\/neurodiversityprideday.com\/nl\/wp-json\/wp\/v2\/types\/page"}],"author":[{"embeddable":true,"href":"https:\/\/neurodiversityprideday.com\/nl\/wp-json\/wp\/v2\/users\/1"}],"replies":[{"embeddable":true,"href":"https:\/\/neurodiversityprideday.com\/nl\/wp-json\/wp\/v2\/comments?post=25941"}],"version-history":[{"count":5,"href":"https:\/\/neurodiversityprideday.com\/nl\/wp-json\/wp\/v2\/pages\/25941\/revisions"}],"predecessor-version":[{"id":25871829,"href":"https:\/\/neurodiversityprideday.com\/nl\/wp-json\/wp\/v2\/pages\/25941\/revisions\/25871829"}],"wp:featuredmedia":[{"embeddable":true,"href":"https:\/\/neurodiversityprideday.com\/nl\/wp-json\/wp\/v2\/media\/25945"}],"wp:attachment":[{"href":"https:\/\/neurodiversityprideday.com\/nl\/wp-json\/wp\/v2\/media?parent=25941"}],"curies":[{"name":"wp","href":"https:\/\/api.w.org\/{rel}","templated":true}]}}