{"id":25875342,"date":"2025-06-10T20:51:55","date_gmt":"2025-06-10T18:51:55","guid":{"rendered":"https:\/\/neurodiversityprideday.com\/es"},"modified":"2025-06-10T20:51:55","modified_gmt":"2025-06-10T18:51:55","slug":"audiovisuales-de-escuelas-y-universidades","status":"publish","type":"tribe_events","link":"https:\/\/neurodiversityprideday.com\/pl\/my-event\/audiovisuales-de-escuelas-y-universidades\/","title":{"rendered":"MATERIA\u0141Y AUDIOWIZUALNE W SZKO\u0141ACH I NA UNIWERSYTETACH"},"content":{"rendered":"<p data-sourcepos=\"3:1-3:13\">Witam wszystkich:<\/p>\n<p data-sourcepos=\"5:1-5:295\">Ten rok jest historyczny! Po raz pierwszy kraje hispanoameryka\u0144skie zjednoczy\u0142y si\u0119 w obchodach \u015bwi\u0119ta\u00a0<strong>Dzie\u0144 R\u00f3\u017cnorodno\u015bci Nerwowej (D\u00eda del Orgullo de la Neurodiversidad)<\/strong>. To zaszczyt dla wszystkich, kt\u00f3rzy bior\u0105 udzia\u0142 w tej inicjatywie, w ramach kt\u00f3rej por\u00f3wnujemy mi\u0119dzynarodowe talerze, szar\u017ce, muzyk\u0119, filmy i inne dzia\u0142ania.<\/p>\n<p data-sourcepos=\"5:1-5:295\">Jeste\u015bmy niezmiernie wdzi\u0119czni eMove International Festival za danie nam niesamowitej okazji do zaprezentowania wyboru prac nagrodzonych w pierwszych dziewi\u0119ciu edycjach. W sk\u0142ad wystawy wchodz\u0105 wyj\u0105tkowe materia\u0142y audiowizualne stworzone przez student\u00f3w r\u00f3\u017cnych szk\u00f3\u0142 i uniwersytet\u00f3w.<\/p>\n<p data-sourcepos=\"5:1-5:295\">Za po\u015brednictwem tych obiekt\u00f3w naszym celem jest przekazanie wszystkim osobom fundamentalnego przes\u0142ania: wszyscy jeste\u015bmy cz\u0119\u015bci\u0105 neurodiversidad. Chcemy celebrowa\u0107 r\u00f3\u017cnorodno\u015b\u0107 umys\u0142\u00f3w, kt\u00f3re istniej\u0105 w naszym \u015bwiecie.<\/p>\n<p data-sourcepos=\"5:1-5:295\">W tych filmach zapraszamy Ci\u0119 na ND Pride, \u015bwi\u0119to organizowane przez i dla os\u00f3b neurodywersyjnych i ich sojusznik\u00f3w. Ca\u0142y \u015bwiat, niezale\u017cnie od neurotypu, jest zaproszony do zjednoczenia si\u0119 w celu uznania i uhonorowania neurodywersyfikacji. \u015awi\u0119tujemy wyj\u0105tkowo\u015b\u0107 neurozr\u00f3\u017cnicowanych m\u00f3zg\u00f3w i warto\u015b\u0107 neurozr\u00f3\u017cnicowania dla spo\u0142ecze\u0144stwa. Neuror\u00f3\u017cnorodno\u015b\u0107 odnosi si\u0119 do niesko\u0144czonych form funkcjonowania, postrzegania i rozumienia \u015bwiata przez m\u00f3zg. Dostrzegaj i doceniaj punkty i zdolno\u015bci, kt\u00f3re wynikaj\u0105 z r\u00f3\u017cnych neurotipos, takich jak autyzm, TDAH, dysleksja, TDC, superdotacja, trastornos mentales i inne. Nasze \u015bwi\u0119to ma r\u00f3wnie\u017c na celu zapewnienie wsparcia i adaptacji osobom neurodywergentnym, pozwalaj\u0105c im prosperowa\u0107 w spo\u0142ecze\u0144stwie stworzonym dla wi\u0119kszo\u015bci z nich.<\/p>\n<p data-sourcepos=\"5:1-5:295\">Mo\u017cesz zobaczy\u0107 fantastyczn\u0105 prezentacj\u0119 9 film\u00f3w audiowizualnych, kt\u00f3re mia\u0142y swoj\u0105 premier\u0119 podczas ostatnich edycji Festiwalu. Jeste\u015bmy pewni, \u017ce b\u0119dziesz zaskoczony.<\/p>\n<p data-sourcepos=\"5:1-5:295\">Oto miejsce, kt\u00f3re mo\u017cesz zobaczy\u0107: https:\/\/www.youtube.com\/watch?v=xgANYKxhYx4&amp;t=54s<\/p>\n<p data-sourcepos=\"7:1-8:58\">Zapraszamy do zapoznania si\u0119 z\u00a0<strong>kompletny program<\/strong>\u00a0a participar en nuestros eventos a trav\u00e9s de este enlace:\u00a0<a class=\"ng-star-inserted\" href=\"https:\/\/acortar.link\/mpJmBn\" target=\"_blank\" rel=\"noopener\">https:\/\/acortar.link\/mpJmBn<\/a><\/p>\n<p data-sourcepos=\"10:1-11:74\">Ponadto, b\u0119dziemy wdzi\u0119czni za kontakt z Tob\u0105\u00a0<strong>opinia<\/strong>\u00a0aby opracowa\u0107 manifiesto, kt\u00f3re uczci neurodiversidad. W poni\u017cszym formularzu mo\u017cesz przes\u0142a\u0107 swoje uwagi i zarejestrowa\u0107 si\u0119, aby uzyska\u0107 bezpo\u015bredni dost\u0119p do sal Zoom podczas wydarzenia:\u00a0<a class=\"ng-star-inserted\" href=\"https:\/\/forms.gle\/r3F4Y2ysScKxvmdj9\" target=\"_blank\" rel=\"noopener\">https:\/\/forms.gle\/r3F4Y2ysScKxvmdj9<\/a><\/p>\n<p data-sourcepos=\"13:1-13:22\">Rozwijajcie si\u0119!<\/p>","protected":false},"excerpt":{"rendered":"<p>Hola a todos: \u00a1Este a\u00f1o es hist\u00f3rico! Por primera vez, los pa\u00edses hispanohablantes nos unimos a la celebraci\u00f3n del\u00a0D\u00eda del Orgullo de la Neurodiversidad. Es un honor para todos los [&hellip;]<\/p>\n","protected":false},"author":61,"featured_media":25875355,"template":"","meta":{"_acf_changed":false,"_et_pb_use_builder":"","_et_pb_old_content":"","_et_gb_content_width":"","_tribe_events_status":"","_tribe_events_status_reason":"","footnotes":""},"tags":[],"tribe_events_cat":[],"class_list":["post-25875342","tribe_events","type-tribe_events","status-publish","has-post-thumbnail","hentry"],"acf":[],"_links":{"self":[{"href":"https:\/\/neurodiversityprideday.com\/pl\/wp-json\/wp\/v2\/tribe_events\/25875342","targetHints":{"allow":["GET"]}}],"collection":[{"href":"https:\/\/neurodiversityprideday.com\/pl\/wp-json\/wp\/v2\/tribe_events"}],"about":[{"href":"https:\/\/neurodiversityprideday.com\/pl\/wp-json\/wp\/v2\/types\/tribe_events"}],"author":[{"embeddable":true,"href":"https:\/\/neurodiversityprideday.com\/pl\/wp-json\/wp\/v2\/users\/61"}],"version-history":[{"count":1,"href":"https:\/\/neurodiversityprideday.com\/pl\/wp-json\/wp\/v2\/tribe_events\/25875342\/revisions"}],"predecessor-version":[{"id":25875352,"href":"https:\/\/neurodiversityprideday.com\/pl\/wp-json\/wp\/v2\/tribe_events\/25875342\/revisions\/25875352"}],"wp:featuredmedia":[{"embeddable":true,"href":"https:\/\/neurodiversityprideday.com\/pl\/wp-json\/wp\/v2\/media\/25875355"}],"wp:attachment":[{"href":"https:\/\/neurodiversityprideday.com\/pl\/wp-json\/wp\/v2\/media?parent=25875342"}],"wp:term":[{"taxonomy":"post_tag","embeddable":true,"href":"https:\/\/neurodiversityprideday.com\/pl\/wp-json\/wp\/v2\/tags?post=25875342"},{"taxonomy":"tribe_events_cat","embeddable":true,"href":"https:\/\/neurodiversityprideday.com\/pl\/wp-json\/wp\/v2\/tribe_events_cat?post=25875342"}],"curies":[{"name":"wp","href":"https:\/\/api.w.org\/{rel}","templated":true}]}}