{"id":25875342,"date":"2025-06-10T20:51:55","date_gmt":"2025-06-10T18:51:55","guid":{"rendered":"https:\/\/neurodiversityprideday.com\/es"},"modified":"2025-06-10T20:51:55","modified_gmt":"2025-06-10T18:51:55","slug":"audiovisuales-de-escuelas-y-universidades","status":"publish","type":"tribe_events","link":"https:\/\/neurodiversityprideday.com\/pt\/my-event\/audiovisuales-de-escuelas-y-universidades\/","title":{"rendered":"AUDIOVISUAIS DE ESCOLAS E UNIVERSIDADES"},"content":{"rendered":"<p data-sourcepos=\"3:1-3:13\">Ol\u00e1 a todos:<\/p>\n<p data-sourcepos=\"5:1-5:295\">Este ano \u00e9 hist\u00f3rico! Pela primeira vez, os pa\u00edses hispanohablantes uniram-se \u00e0 celebra\u00e7\u00e3o do\u00a0<strong>Dia do Orgullo da Neurodiversidade<\/strong>. \u00c9 uma honra para todos os que participarem nesta iniciativa, na qual comparamos internacionalmente palestras, charlas, m\u00fasica, filmes e outras actividades.<\/p>\n<p data-sourcepos=\"5:1-5:295\">Estamos imensamente agradecidos ao eMove International Festival por nos dar a incr\u00edvel oportunidade de exibir uma sele\u00e7\u00e3o dos trabalhos galardoados nas suas primeiras nove edi\u00e7\u00f5es. Esta mostra inclui audiovisuais excepcionais criados por estudantes de diversas escolas e universidades.<\/p>\n<p data-sourcepos=\"5:1-5:295\">Atrav\u00e9s destas obras, o nosso objetivo \u00e9 partilhar uma mensagem fundamental com todas as pessoas: todos fazemos parte da neurodiversidade. Queremos celebrar a riqueza e a variedade de mentes que existem no nosso mundo.<\/p>\n<p data-sourcepos=\"5:1-5:295\">Com estes v\u00eddeos damos-te as boas-vindas ao ND Pride, uma celebra\u00e7\u00e3o organizada por e para pessoas neurodivergentes e seus aliados. Todo o mundo, independentemente do seu neurotipo, est\u00e1 convidado a unir-se para reconhecer e honrar a neurodiversidade. Celebramos a singularidade dos c\u00e9rebros neurodivergentes e o valor da neurodiversidade para a sociedade. A neurodiversidade refere-se \u00e0s formas quase infinitas com que os c\u00e9rebros funcionam, percebem e compreendem o mundo. Reconhece e valoriza os pontos fortes e as capacidades que surgem dos diferentes neurotipos, como o autismo, o TDAH, a dislexia, o TDC, a superdota\u00e7\u00e3o, os transtornos mentais e outros. A nossa celebra\u00e7\u00e3o tamb\u00e9m aboga por proporcionar apoio e adapta\u00e7\u00f5es \u00e0s pessoas neurodivergentes, permitindo-lhes prosperar numa sociedade concebida para a maioria.<\/p>\n<p data-sourcepos=\"5:1-5:295\">Poder\u00e1s ver uma fant\u00e1stica mostra de 9 audiovisuais estreados nas \u00faltimas edi\u00e7\u00f5es do Festival. Estamos seguros de que te vais surpreender.<\/p>\n<p data-sourcepos=\"5:1-5:295\">Este \u00e9 o link que podes ver: https:\/\/www.youtube.com\/watch?v=xgANYKxhYx4&amp;t=54s<\/p>\n<p data-sourcepos=\"7:1-8:58\">Convidamos-te a consultar o\u00a0<strong>programa completo<\/strong>\u00a0e a participar nos nossos eventos atrav\u00e9s deste link:\u00a0<a class=\"ng-star-inserted\" href=\"https:\/\/acortar.link\/mpJmBn\" target=\"_blank\" rel=\"noopener\">https:\/\/acortar.link\/mpJmBn<\/a><\/p>\n<p data-sourcepos=\"10:1-11:74\">Al\u00e9m disso, gostar\u00edamos de contar com o teu\u00a0<strong>opini\u00e3o<\/strong>\u00a0para elaborar um manifesto que celebre a neurodiversidade. No seguinte formul\u00e1rio, podes enviar os teus coment\u00e1rios e registar-te para acederes \u00e0s salas de Zoom dos eventos em direto:\u00a0<a class=\"ng-star-inserted\" href=\"https:\/\/forms.gle\/r3F4Y2ysScKxvmdj9\" target=\"_blank\" rel=\"noopener\">https:\/\/forms.gle\/r3F4Y2ysScKxvmdj9<\/a><\/p>\n<p data-sourcepos=\"13:1-13:22\">\u00a1Esperamos verte all\u00ed!<\/p>","protected":false},"excerpt":{"rendered":"<p>Hola a todos: \u00a1Este a\u00f1o es hist\u00f3rico! Por primera vez, los pa\u00edses hispanohablantes nos unimos a la celebraci\u00f3n del\u00a0D\u00eda del Orgullo de la Neurodiversidad. Es un honor para todos los [&hellip;]<\/p>\n","protected":false},"author":61,"featured_media":25875355,"template":"","meta":{"_acf_changed":false,"_et_pb_use_builder":"","_et_pb_old_content":"","_et_gb_content_width":"","_tribe_events_status":"","_tribe_events_status_reason":"","footnotes":""},"tags":[],"tribe_events_cat":[],"class_list":["post-25875342","tribe_events","type-tribe_events","status-publish","has-post-thumbnail","hentry"],"acf":[],"_links":{"self":[{"href":"https:\/\/neurodiversityprideday.com\/pt\/wp-json\/wp\/v2\/tribe_events\/25875342","targetHints":{"allow":["GET"]}}],"collection":[{"href":"https:\/\/neurodiversityprideday.com\/pt\/wp-json\/wp\/v2\/tribe_events"}],"about":[{"href":"https:\/\/neurodiversityprideday.com\/pt\/wp-json\/wp\/v2\/types\/tribe_events"}],"author":[{"embeddable":true,"href":"https:\/\/neurodiversityprideday.com\/pt\/wp-json\/wp\/v2\/users\/61"}],"version-history":[{"count":1,"href":"https:\/\/neurodiversityprideday.com\/pt\/wp-json\/wp\/v2\/tribe_events\/25875342\/revisions"}],"predecessor-version":[{"id":25875352,"href":"https:\/\/neurodiversityprideday.com\/pt\/wp-json\/wp\/v2\/tribe_events\/25875342\/revisions\/25875352"}],"wp:featuredmedia":[{"embeddable":true,"href":"https:\/\/neurodiversityprideday.com\/pt\/wp-json\/wp\/v2\/media\/25875355"}],"wp:attachment":[{"href":"https:\/\/neurodiversityprideday.com\/pt\/wp-json\/wp\/v2\/media?parent=25875342"}],"wp:term":[{"taxonomy":"post_tag","embeddable":true,"href":"https:\/\/neurodiversityprideday.com\/pt\/wp-json\/wp\/v2\/tags?post=25875342"},{"taxonomy":"tribe_events_cat","embeddable":true,"href":"https:\/\/neurodiversityprideday.com\/pt\/wp-json\/wp\/v2\/tribe_events_cat?post=25875342"}],"curies":[{"name":"wp","href":"https:\/\/api.w.org\/{rel}","templated":true}]}}