{"id":25875342,"date":"2025-06-10T20:51:55","date_gmt":"2025-06-10T18:51:55","guid":{"rendered":"https:\/\/neurodiversityprideday.com\/es"},"modified":"2025-06-10T20:51:55","modified_gmt":"2025-06-10T18:51:55","slug":"audiovisuales-de-escuelas-y-universidades","status":"publish","type":"tribe_events","link":"https:\/\/neurodiversityprideday.com\/sv\/my-event\/audiovisuales-de-escuelas-y-universidades\/","title":{"rendered":"AUDIOVISUELLA MEDIER F\u00d6R SKOLOR OCH UNIVERSITET"},"content":{"rendered":"<p data-sourcepos=\"3:1-3:13\">Hola a todos:<\/p>\n<p data-sourcepos=\"5:1-5:295\">\u00a1Este a\u00f1o \u00e4r historisk! F\u00f6r f\u00f6rsta g\u00e5ngen f\u00f6renas de spansktalande l\u00e4nderna i firandet av\u00a0<strong>D\u00eda del Orgullo de la Neurodiversidad<\/strong>. Det \u00e4r en \u00e4ra f\u00f6r alla som deltar i detta initiativ, d\u00e4r vi internationellt j\u00e4mf\u00f6r tallrikar, charader, musik, filmer och andra aktiviteter.<\/p>\n<p data-sourcepos=\"5:1-5:295\">Vi \u00e4r oerh\u00f6rt tacksamma f\u00f6r att eMove International Festival har gett oss den fantastiska m\u00f6jligheten att visa upp ett urval av de verk som visats i de f\u00f6rsta nio utg\u00e5vorna. Utst\u00e4llningen inneh\u00e5ller exceptionella audiovisuella verk skapade av studenter fr\u00e5n olika skolor och universitet.<\/p>\n<p data-sourcepos=\"5:1-5:295\">Med hj\u00e4lp av dessa verk vill vi dela med oss av en grundl\u00e4ggande sak till alla m\u00e4nniskor: vi \u00e4r alla en del av neurodiversiteten. Vi vill fira den m\u00e5ngfald och variation av sinnen som finns i v\u00e5r v\u00e4rld.<\/p>\n<p data-sourcepos=\"5:1-5:295\">Med dessa videor bjuder vi in till ND Pride, en fest som anordnas av och f\u00f6r personer med neurodivergens och deras v\u00e4nner. Hela v\u00e4rlden, oberoende av neurotipo, \u00e4r inbjuden att samlas f\u00f6r att erk\u00e4nna och hedra neurodiversiteten. Celebramos la singularidad de los cerebros neurodivergentes y el valor de la neurodiversidad para la sociedad. Neurodiversitet handlar om de o\u00e4ndliga s\u00e4tt p\u00e5 vilka hj\u00e4rnan fungerar, uppfattar och f\u00f6rst\u00e5r v\u00e4rlden. Reconoce y valora los puntos fuertes y las capacidades que surgen de los distintos neurotipos, como el autismo, el TDAH, la dislexia, el TDC, la superdotaci\u00f3n, los trastornos mentales y otros. Nuestra celebraci\u00f3n tambi\u00e9n aboga por proporcionar apoyo y adaptaciones a las personas neurodivergentes, permiti\u00e9ndoles prosperar en una sociedad dise\u00f1ada para la mayor\u00eda.<\/p>\n<p data-sourcepos=\"5:1-5:295\">H\u00e4r kan du se en fantastisk uppvisning av 9 filmer som premi\u00e4rvisats under de senaste upplagorna av festivalen. Vi \u00e4r s\u00e4kra p\u00e5 att ni kommer att bli f\u00f6rv\u00e5nade.<\/p>\n<p data-sourcepos=\"5:1-5:295\">H\u00e4r \u00e4r l\u00e4nken som du kan se: https:\/\/www.youtube.com\/watch?v=xgANYKxhYx4&amp;t=54s<\/p>\n<p data-sourcepos=\"7:1-8:58\">Vi inbjuder till samr\u00e5d med\u00a0<strong>fullst\u00e4ndigt program<\/strong>\u00a0och delta i v\u00e5ra evenemang via den h\u00e4r l\u00e4nken:\u00a0<a class=\"ng-star-inserted\" href=\"https:\/\/acortar.link\/mpJmBn\" target=\"_blank\" rel=\"noopener\">https:\/\/acortar.link\/mpJmBn<\/a><\/p>\n<p data-sourcepos=\"10:1-11:74\">Dessutom skulle det vara roligt att f\u00e5 veta mer om dig\u00a0<strong>\u00e5sikt<\/strong>\u00a0f\u00f6r att utarbeta ett manifest som uppm\u00e4rksammar neurodiversitet. I det f\u00f6ljande formul\u00e4ret kan du l\u00e4mna dina kommentarer och registrera dig f\u00f6r att f\u00e5 tillg\u00e5ng till Zoom-salarna f\u00f6r de direkts\u00e4nda evenemangen:\u00a0<a class=\"ng-star-inserted\" href=\"https:\/\/forms.gle\/r3F4Y2ysScKxvmdj9\" target=\"_blank\" rel=\"noopener\">https:\/\/forms.gle\/r3F4Y2ysScKxvmdj9<\/a><\/p>\n<p data-sourcepos=\"13:1-13:22\">\u00a1Esperamos verte all\u00ed!<\/p>","protected":false},"excerpt":{"rendered":"<p>Hola a todos: \u00a1Este a\u00f1o es hist\u00f3rico! Por primera vez, los pa\u00edses hispanohablantes nos unimos a la celebraci\u00f3n del\u00a0D\u00eda del Orgullo de la Neurodiversidad. Es un honor para todos los [&hellip;]<\/p>\n","protected":false},"author":61,"featured_media":25875355,"template":"","meta":{"_acf_changed":false,"_et_pb_use_builder":"","_et_pb_old_content":"","_et_gb_content_width":"","_tribe_events_status":"","_tribe_events_status_reason":"","footnotes":""},"tags":[],"tribe_events_cat":[],"class_list":["post-25875342","tribe_events","type-tribe_events","status-publish","has-post-thumbnail","hentry"],"acf":[],"_links":{"self":[{"href":"https:\/\/neurodiversityprideday.com\/sv\/wp-json\/wp\/v2\/tribe_events\/25875342","targetHints":{"allow":["GET"]}}],"collection":[{"href":"https:\/\/neurodiversityprideday.com\/sv\/wp-json\/wp\/v2\/tribe_events"}],"about":[{"href":"https:\/\/neurodiversityprideday.com\/sv\/wp-json\/wp\/v2\/types\/tribe_events"}],"author":[{"embeddable":true,"href":"https:\/\/neurodiversityprideday.com\/sv\/wp-json\/wp\/v2\/users\/61"}],"version-history":[{"count":1,"href":"https:\/\/neurodiversityprideday.com\/sv\/wp-json\/wp\/v2\/tribe_events\/25875342\/revisions"}],"predecessor-version":[{"id":25875352,"href":"https:\/\/neurodiversityprideday.com\/sv\/wp-json\/wp\/v2\/tribe_events\/25875342\/revisions\/25875352"}],"wp:featuredmedia":[{"embeddable":true,"href":"https:\/\/neurodiversityprideday.com\/sv\/wp-json\/wp\/v2\/media\/25875355"}],"wp:attachment":[{"href":"https:\/\/neurodiversityprideday.com\/sv\/wp-json\/wp\/v2\/media?parent=25875342"}],"wp:term":[{"taxonomy":"post_tag","embeddable":true,"href":"https:\/\/neurodiversityprideday.com\/sv\/wp-json\/wp\/v2\/tags?post=25875342"},{"taxonomy":"tribe_events_cat","embeddable":true,"href":"https:\/\/neurodiversityprideday.com\/sv\/wp-json\/wp\/v2\/tribe_events_cat?post=25875342"}],"curies":[{"name":"wp","href":"https:\/\/api.w.org\/{rel}","templated":true}]}}