{"id":25872883,"date":"2025-05-28T23:07:09","date_gmt":"2025-05-28T21:07:09","guid":{"rendered":"https:\/\/neurodiversityprideday.com\/nl"},"modified":"2025-05-28T23:07:09","modified_gmt":"2025-05-28T21:07:09","slug":"uitreiking-uit-met-autisme-award-categorie-speelpark-of-klein-attractiepark","status":"publish","type":"tribe_events","link":"https:\/\/neurodiversityprideday.com\/tr\/my-event\/uitreiking-uit-met-autisme-award-categorie-speelpark-of-klein-attractiepark\/","title":{"rendered":"Uitreiking Uit met Autisme \u00d6d\u00fcl kategorisi Speelpark of klein attractiepark"},"content":{"rendered":"<p>Stichting Uit met Autisme, 2025 y\u0131l\u0131nda ilk kez Uit met Autisme \u00d6d\u00fcllerini vermeye ba\u015flad\u0131. \u00d6d\u00fcller, yerel y\u00f6netimlerin kendilerinin de dahil oldu\u011fu iki kategoride verilecektir. Yerel y\u00f6netimler kendi ba\u015flar\u0131na geheim bile olamazlar. 14 Haziran'da bu lokasyonlar\u0131n a\u00e7\u0131lmas\u0131 bekleniyor. Ancak daha fazla endi\u015felendi\u011finizde, bunu daha iyi bir \u015fekilde <a href=\"#Aanmeldformulier\"><u>opgaveformulier<\/u><\/a>\u00a0om onder ambargo uiterlijk 11 juni bericht te ontvangen welke locaties een award krijgen and het leukste: waar we elkaar kunnen ontmoeten. Gizli Engeller Ay\u00e7i\u00e7e\u011fi anahtar kordonu ile de bunu bildiriyoruz.<\/p>\n<p>Vaderdag'daki \u00f6d\u00fcl t\u00f6reni t\u00fcm gezin i\u00e7in haz\u0131r!<\/p>","protected":false},"excerpt":{"rendered":"<p>Stichting Uit met Autisme reikt in 2025 voor het eerst de Uit met Autisme Awards uit. De awards worden uitgereikt over vijf categorie\u00ebn op elk een ander moment op de [&hellip;]<\/p>\n","protected":false},"author":1,"featured_media":25872886,"template":"","meta":{"_acf_changed":false,"_et_pb_use_builder":"","_et_pb_old_content":"","_et_gb_content_width":"","_tribe_events_status":"","_tribe_events_status_reason":"","footnotes":""},"tags":[],"tribe_events_cat":[],"class_list":["post-25872883","tribe_events","type-tribe_events","status-publish","has-post-thumbnail","hentry"],"acf":[],"_links":{"self":[{"href":"https:\/\/neurodiversityprideday.com\/tr\/wp-json\/wp\/v2\/tribe_events\/25872883","targetHints":{"allow":["GET"]}}],"collection":[{"href":"https:\/\/neurodiversityprideday.com\/tr\/wp-json\/wp\/v2\/tribe_events"}],"about":[{"href":"https:\/\/neurodiversityprideday.com\/tr\/wp-json\/wp\/v2\/types\/tribe_events"}],"author":[{"embeddable":true,"href":"https:\/\/neurodiversityprideday.com\/tr\/wp-json\/wp\/v2\/users\/1"}],"version-history":[{"count":1,"href":"https:\/\/neurodiversityprideday.com\/tr\/wp-json\/wp\/v2\/tribe_events\/25872883\/revisions"}],"predecessor-version":[{"id":25872885,"href":"https:\/\/neurodiversityprideday.com\/tr\/wp-json\/wp\/v2\/tribe_events\/25872883\/revisions\/25872885"}],"wp:featuredmedia":[{"embeddable":true,"href":"https:\/\/neurodiversityprideday.com\/tr\/wp-json\/wp\/v2\/media\/25872886"}],"wp:attachment":[{"href":"https:\/\/neurodiversityprideday.com\/tr\/wp-json\/wp\/v2\/media?parent=25872883"}],"wp:term":[{"taxonomy":"post_tag","embeddable":true,"href":"https:\/\/neurodiversityprideday.com\/tr\/wp-json\/wp\/v2\/tags?post=25872883"},{"taxonomy":"tribe_events_cat","embeddable":true,"href":"https:\/\/neurodiversityprideday.com\/tr\/wp-json\/wp\/v2\/tribe_events_cat?post=25872883"}],"curies":[{"name":"wp","href":"https:\/\/api.w.org\/{rel}","templated":true}]}}