{"id":25873741,"date":"2025-06-04T11:40:38","date_gmt":"2025-06-04T09:40:38","guid":{"rendered":"https:\/\/neurodiversityprideday.com\/?post_type=tribe_events&#038;p=25873741"},"modified":"2025-06-04T11:40:38","modified_gmt":"2025-06-04T09:40:38","slug":"marsha-de-heus-webinar-hoogbegaafdheid-dubbeldiagnoses-en-misdiagnoses-inzicht-herkenning-en-handelingsperspectief","status":"publish","type":"tribe_events","link":"https:\/\/neurodiversityprideday.com\/tr\/my-event\/marsha-de-heus-webinar-hoogbegaafdheid-dubbeldiagnoses-en-misdiagnoses-inzicht-herkenning-en-handelingsperspectief\/","title":{"rendered":"Marsha de Heus - Webinar: Hoogbegaafdheid: dubbeldiagnoses en misdiagnoses: inzicht, herkenning en handelingsperspectief"},"content":{"rendered":"<p>\ud83d\udcc5 20 Haziran - 15:00 - 15:45<\/p>\n<h3>Hoogbegaafdheid: dubbeldiagnoses en misdiagnoses: inzicht, herkenning en handelingsperspectief<\/h3>\n<p>Hoogbegaafdheid i\u00e7in \u00e7ok daha fazla endi\u015fe duyuyoruz, ancak pratikte bunun otizm, DEHB ve di\u011fer n\u00f6rodejeneratif bozukluklar gibi rahats\u0131zl\u0131klarda \u00e7ok daha \u00f6nemli oldu\u011funu d\u00fc\u015f\u00fcn\u00fcyoruz. Bu, hastal\u0131\u011f\u0131n daha farkl\u0131 bir \u015fekilde ele al\u0131nmas\u0131n\u0131 sa\u011flar.<\/p>\n<p><strong>Psikolog Marsha de Heus<\/strong>n\u00f6ro\u00e7e\u015fitlili\u011fin sosyal modeline g\u00f6re \u00e7al\u0131\u015farak, yanl\u0131\u015f tan\u0131lar, yanl\u0131\u015f tan\u0131lar\u0131n etkisi ve her zaman do\u011fru olmayan bir sistemde hiermee omgaat'\u0131 ele al\u0131yor.<\/p>\n<p>Pratik kullan\u0131m, herkenbare voorbeelden ve volop ruimte voor yourw vragen.<\/p>\n<ul>\n<li><strong>\ud83c\udf99 Spreker:<\/strong>\u00a0Marsha de Heus<\/li>\n<li><strong>\u23f1 Duur:<\/strong>\u00a045 dakika<\/li>\n<\/ul>\n<div id=\"gtx-trans\" style=\"position: absolute; left: 95px; top: 288.542px;\">\n<div class=\"gtx-trans-icon\"><\/div>\n<\/div>","protected":false},"excerpt":{"rendered":"<p>\ud83d\udcc5 20 juni \u2013 15:00 \u2013 15:45 Hoogbegaafdheid: dubbeldiagnoses en misdiagnoses: inzicht, herkenning en handelingsperspectief Er is steeds meer aandacht voor hoogbegaafdheid, maar in de praktijk zien we dat dit [&hellip;]<\/p>\n","protected":false},"author":1,"featured_media":25873724,"template":"","meta":{"_acf_changed":false,"_et_pb_use_builder":"","_et_pb_old_content":"","_et_gb_content_width":"","_tribe_events_status":"","_tribe_events_status_reason":"","footnotes":""},"tags":[],"tribe_events_cat":[67,69],"class_list":["post-25873741","tribe_events","type-tribe_events","status-publish","has-post-thumbnail","hentry","tribe_events_cat-online","tribe_events_cat-talks","cat_online","cat_talks"],"acf":[],"_links":{"self":[{"href":"https:\/\/neurodiversityprideday.com\/tr\/wp-json\/wp\/v2\/tribe_events\/25873741","targetHints":{"allow":["GET"]}}],"collection":[{"href":"https:\/\/neurodiversityprideday.com\/tr\/wp-json\/wp\/v2\/tribe_events"}],"about":[{"href":"https:\/\/neurodiversityprideday.com\/tr\/wp-json\/wp\/v2\/types\/tribe_events"}],"author":[{"embeddable":true,"href":"https:\/\/neurodiversityprideday.com\/tr\/wp-json\/wp\/v2\/users\/1"}],"version-history":[{"count":1,"href":"https:\/\/neurodiversityprideday.com\/tr\/wp-json\/wp\/v2\/tribe_events\/25873741\/revisions"}],"predecessor-version":[{"id":25873742,"href":"https:\/\/neurodiversityprideday.com\/tr\/wp-json\/wp\/v2\/tribe_events\/25873741\/revisions\/25873742"}],"wp:featuredmedia":[{"embeddable":true,"href":"https:\/\/neurodiversityprideday.com\/tr\/wp-json\/wp\/v2\/media\/25873724"}],"wp:attachment":[{"href":"https:\/\/neurodiversityprideday.com\/tr\/wp-json\/wp\/v2\/media?parent=25873741"}],"wp:term":[{"taxonomy":"post_tag","embeddable":true,"href":"https:\/\/neurodiversityprideday.com\/tr\/wp-json\/wp\/v2\/tags?post=25873741"},{"taxonomy":"tribe_events_cat","embeddable":true,"href":"https:\/\/neurodiversityprideday.com\/tr\/wp-json\/wp\/v2\/tribe_events_cat?post=25873741"}],"curies":[{"name":"wp","href":"https:\/\/api.w.org\/{rel}","templated":true}]}}