{"id":25875342,"date":"2025-06-10T20:51:55","date_gmt":"2025-06-10T18:51:55","guid":{"rendered":"https:\/\/neurodiversityprideday.com\/es"},"modified":"2025-06-10T20:51:55","modified_gmt":"2025-06-10T18:51:55","slug":"audiovisuales-de-escuelas-y-universidades","status":"publish","type":"tribe_events","link":"https:\/\/neurodiversityprideday.com\/tr\/my-event\/audiovisuales-de-escuelas-y-universidades\/","title":{"rendered":"OKULLAR VE \u00dcNI\u0307VERSI\u0307TELER I\u0307\u00c7I\u0307N G\u00d6RSEL I\u0307\u015eI\u0307TSEL"},"content":{"rendered":"<p data-sourcepos=\"3:1-3:13\">Herkese merhaba:<\/p>\n<p data-sourcepos=\"5:1-5:295\">Bu y\u0131l tarih\u00ee bir y\u0131l! \u0130lk kez, \u0130spanyol vatanda\u015f\u0131 olan \u00fclkeler bu y\u0131lki kutlamalarda bir araya geliyor.\u00a0<strong>D\u00eda del Orgullo de la Neurodiversidad<\/strong>. Taller, charlas, m\u00fasica, pel\u00edculas ve di\u011fer aktiviteleri uluslararas\u0131 d\u00fczeyde kar\u015f\u0131la\u015ft\u0131rd\u0131\u011f\u0131m\u0131z bu giri\u015fimde yer alan herkes i\u00e7in bir onurdur.<\/p>\n<p data-sourcepos=\"5:1-5:295\">eMove Uluslararas\u0131 Festivali'ne, ilk yedi edisyonunda sergilenen galardonados eserlerinden bir se\u00e7kiyi sergileme f\u0131rsat\u0131 verdi\u011fi i\u00e7in te\u015fekk\u00fcr ederiz. Bu sergi, \u00e7e\u015fitli okul ve \u00fcniversitelerin \u00f6\u011frencileri taraf\u0131ndan yarat\u0131lan ola\u011fan\u00fcst\u00fc g\u00f6rsel-i\u015fitsel \u00e7al\u0131\u015fmalar\u0131 i\u00e7ermektedir.<\/p>\n<p data-sourcepos=\"5:1-5:295\">Bu eserlerle amac\u0131m\u0131z, t\u00fcm insanlarla temel bir mesaj\u0131 payla\u015fmakt\u0131r: hepimiz n\u00f6ro\u00e7e\u015fitlili\u011fin bir par\u00e7as\u0131y\u0131z. D\u00fcnyam\u0131zda var olan zihin \u00e7e\u015fitlili\u011fini ve canl\u0131l\u0131\u011f\u0131n\u0131 kutlamak istiyoruz.<\/p>\n<p data-sourcepos=\"5:1-5:295\">Bu videolarla, n\u00f6roderjik ki\u015filer ve benzerleri i\u00e7in d\u00fczenlenen bir kutlama olan ND Pride'a ho\u015f geldiniz diyoruz. T\u00fcm d\u00fcnya, n\u00f6rotipinden ba\u011f\u0131ms\u0131z olarak, n\u00f6ro\u00e7e\u015fitlili\u011fi tan\u0131mak ve onurland\u0131rmak i\u00e7in bir araya gelmeye davetlidir. N\u00f6rodejeneratif beyinlerin e\u015fsizli\u011fini ve n\u00f6rodejenerasyonun toplum i\u00e7in de\u011ferini kutluyoruz. N\u00f6ro\u00e7e\u015fitlilik, beynin i\u015fleyi\u015finin, d\u00fcnyay\u0131 alg\u0131lay\u0131\u015f\u0131n\u0131n ve kavray\u0131\u015f\u0131n\u0131n neredeyse sonsuz bi\u00e7imlerini ifade eder. Otizm, TDAH, disleksi, TDC, s\u00fcperdotasyon, zihinsel bozukluklar ve di\u011ferleri gibi farkl\u0131 n\u00f6rotiplerin ortaya \u00e7\u0131kard\u0131\u011f\u0131 yetenekleri ve kapasiteleri tan\u0131y\u0131n ve de\u011ferlendirin. Kutlamalar\u0131m\u0131z ayn\u0131 zamanda n\u00f6rodejeneratif bireylere destek ve adaptasyon sa\u011flayarak, \u00e7o\u011funluk i\u00e7in tasarlanm\u0131\u015f bir toplumda ba\u015far\u0131l\u0131 olmalar\u0131na olanak tan\u0131maktad\u0131r.<\/p>\n<p data-sourcepos=\"5:1-5:295\">Festivalin son edisyonlar\u0131nda pr\u00f6miyeri yap\u0131lan 9 g\u00f6rsel-i\u015fitsel filmin muhte\u015fem bir g\u00f6sterisini izleyebilirsiniz. \u015ea\u015f\u0131rtaca\u011f\u0131ndan eminiz.<\/p>\n<p data-sourcepos=\"5:1-5:295\">Este es el enlace paera poder ver: https:\/\/www.youtube.com\/watch?v=xgANYKxhYx4&amp;t=54s<\/p>\n<p data-sourcepos=\"7:1-8:58\">Le invitamos a consultar el\u00a0<strong>programa completo<\/strong>\u00a0ve bu ba\u011flant\u0131 arac\u0131l\u0131\u011f\u0131yla etkinliklerimize kat\u0131labilirsiniz:\u00a0<a class=\"ng-star-inserted\" href=\"https:\/\/acortar.link\/mpJmBn\" target=\"_blank\" rel=\"noopener\">https:\/\/acortar.link\/mpJmBn<\/a><\/p>\n<p data-sourcepos=\"10:1-11:74\">Ayr\u0131ca, seninle konu\u015fmay\u0131 da \u00e7ok isteriz.\u00a0<strong>G\u00d6R\u00dc\u015e<\/strong>\u00a0N\u00f6ro\u00e7e\u015fitlili\u011fi kutlayan bir bildiri haz\u0131rlamak i\u00e7in. A\u015fa\u011f\u0131daki form\u00fcle yorumlar\u0131n\u0131z\u0131 yazabilir ve Zoom etkinliklerinin salonlar\u0131na do\u011frudan eri\u015fmek i\u00e7in kay\u0131t yapt\u0131rabilirsiniz:\u00a0<a class=\"ng-star-inserted\" href=\"https:\/\/forms.gle\/r3F4Y2ysScKxvmdj9\" target=\"_blank\" rel=\"noopener\">https:\/\/forms.gle\/r3F4Y2ysScKxvmdj9<\/a><\/p>\n<p data-sourcepos=\"13:1-13:22\">\u00a1Esperamos verte all\u00ed!<\/p>","protected":false},"excerpt":{"rendered":"<p>Hola a todos: \u00a1Este a\u00f1o es hist\u00f3rico! Por primera vez, los pa\u00edses hispanohablantes nos unimos a la celebraci\u00f3n del\u00a0D\u00eda del Orgullo de la Neurodiversidad. Es un honor para todos los [&hellip;]<\/p>\n","protected":false},"author":61,"featured_media":25875355,"template":"","meta":{"_acf_changed":false,"_et_pb_use_builder":"","_et_pb_old_content":"","_et_gb_content_width":"","_tribe_events_status":"","_tribe_events_status_reason":"","footnotes":""},"tags":[],"tribe_events_cat":[],"class_list":["post-25875342","tribe_events","type-tribe_events","status-publish","has-post-thumbnail","hentry"],"acf":[],"_links":{"self":[{"href":"https:\/\/neurodiversityprideday.com\/tr\/wp-json\/wp\/v2\/tribe_events\/25875342","targetHints":{"allow":["GET"]}}],"collection":[{"href":"https:\/\/neurodiversityprideday.com\/tr\/wp-json\/wp\/v2\/tribe_events"}],"about":[{"href":"https:\/\/neurodiversityprideday.com\/tr\/wp-json\/wp\/v2\/types\/tribe_events"}],"author":[{"embeddable":true,"href":"https:\/\/neurodiversityprideday.com\/tr\/wp-json\/wp\/v2\/users\/61"}],"version-history":[{"count":1,"href":"https:\/\/neurodiversityprideday.com\/tr\/wp-json\/wp\/v2\/tribe_events\/25875342\/revisions"}],"predecessor-version":[{"id":25875352,"href":"https:\/\/neurodiversityprideday.com\/tr\/wp-json\/wp\/v2\/tribe_events\/25875342\/revisions\/25875352"}],"wp:featuredmedia":[{"embeddable":true,"href":"https:\/\/neurodiversityprideday.com\/tr\/wp-json\/wp\/v2\/media\/25875355"}],"wp:attachment":[{"href":"https:\/\/neurodiversityprideday.com\/tr\/wp-json\/wp\/v2\/media?parent=25875342"}],"wp:term":[{"taxonomy":"post_tag","embeddable":true,"href":"https:\/\/neurodiversityprideday.com\/tr\/wp-json\/wp\/v2\/tags?post=25875342"},{"taxonomy":"tribe_events_cat","embeddable":true,"href":"https:\/\/neurodiversityprideday.com\/tr\/wp-json\/wp\/v2\/tribe_events_cat?post=25875342"}],"curies":[{"name":"wp","href":"https:\/\/api.w.org\/{rel}","templated":true}]}}